{"id":3311,"date":"2019-08-12T10:15:30","date_gmt":"2019-08-12T07:15:30","guid":{"rendered":"https:\/\/jewsofostrowiec.i-visual.co.il\/?page_id=3311"},"modified":"2019-08-12T10:15:30","modified_gmt":"2019-08-12T07:15:30","slug":"kalendarium-dziejow-zydow-w-ostrowcu","status":"publish","type":"page","link":"https:\/\/jewsofostrowiec.com\/pl\/kalendarium-dziejow-zydow-w-ostrowcu\/","title":{"rendered":"Kalendarium dziej\u00f3w \u017byd\u00f3w w Ostrowcu"},"content":{"rendered":"\n\t<h2><strong>Kalendarium dziej\u00f3w \u017byd\u00f3w w Ostrowcu <\/strong><\/h2>\n<h2>(wybrane daty i wydarzenia)<\/h2>\n\t<p>1631 \u2013 pierwsza wzmianka o \u017bydzie ostrowieckim<\/p>\n<p>1662 \u2013 w Ostrowcu \u017cyje 304 chrze\u015bcijan i 81 \u017cyd\u00f3w<\/p>\n<p>1836 \u2013Abraham Simon Cohen, kupiec warszawski, w porozumieniu z hr. Henrykiem \u0141ubie\u0144skim, nabywa dobra Ostrowiec (pocz\u0105tek rozwoju ostrowieckiego hutnictwa, tzw. huta Klimkiewicz\u00f3w)<\/p>\n<p>1867 &#8211; w\u0142a\u015bcicielem d\u00f3br ostrowieckich zostaje bankier, przemys\u0142owiec \u017cydowskiego pochodzenia baron Antoni Edward Fraenkel i tworzy z huty nowoczesny kombinat metalurgiczny<\/p>\n<p>1869 \u2013 podczas carskiej reformy administracyjnej Ostrowiec zachowuje prawa miejskie dzi\u0119ki wysokiemu odsetkowi \u017cydowskich mieszczan<\/p>\n<p>1885 \u2013 z inicjatywy W\u0142adys\u0142awa Laskiego, bankiera i przemys\u0142owca \u017cydowskiego pochodzenia, w\u0142a\u015bciciela ostrowieckiej huty, Zak\u0142ady Ostrowieckie staj\u0105 si\u0119 sp\u00f3\u0142k\u0105 akcyjn\u0105, a do miasta doprowadzona zostaje kolej \u017celazna<\/p>\n<p>1890 \u2013 \u017bydzi stanowi\u0105 85 % populacji Ostrowca<\/p>\n<p>1928 \u2013 umiera rabin Ostrowca Majer Chil Halsztok<\/p>\n<p>1939 \u2013 ludno\u015b\u0107 miasta wynosi 30 tys. os\u00f3b, w tym 11 tys. \u017byd\u00f3w (blisko 37 % og\u00f3\u0142u)<\/p>\n<p>1942 \u2013 tzw. \u201ewielka akcja\u201d &#8211; wywiezienie do obozu zag\u0142ady w Treblince ok. 11000 \u017byd\u00f3w<\/p>\n<p>1945 \u2013 w Ostrowcu przebywa 193 \u017byd\u00f3w ocala\u0142ych z Holokaustu<\/p>\n<p>2015 &#8211; ods\u0142oni\u0119cie pomnika pami\u0119ci \u017byd\u00f3w ostrowieckich ofiar Holokaustu<\/p>\n<p>2016 &#8211; po\u015bmiertnie nadanie honorowego obywatelstwa miasta Ostrowca Leonowi Szpilmanowi<\/p>\n<p>2018 \u2013 otwarcie odbudowanego ohelu nad grobem rabina Majera Chila Halsztoka<\/p>\n","protected":false},"excerpt":{"rendered":"<p>Kalendarium dziej\u00f3w \u017byd\u00f3w w Ostrowcu (wybrane daty i wydarzenia) 1631 \u2013 pierwsza wzmianka o \u017bydzie ostrowieckim 1662 \u2013 w Ostrowcu \u017cyje 304 chrze\u015bcijan i 81 \u017cyd\u00f3w 1836 \u2013Abraham Simon Cohen, kupiec warszawski, w porozumieniu z hr. Henrykiem \u0141ubie\u0144skim, nabywa dobra Ostrowiec (pocz\u0105tek rozwoju ostrowieckiego hutnictwa, tzw. huta Klimkiewicz\u00f3w) 1867 &#8211; w\u0142a\u015bcicielem d\u00f3br ostrowieckich zostaje bankier, [&hellip;]<\/p>\n","protected":false},"author":4,"featured_media":0,"parent":0,"menu_order":0,"comment_status":"closed","ping_status":"closed","template":"","meta":{"_monsterinsights_skip_tracking":false,"_monsterinsights_sitenote_active":false,"_monsterinsights_sitenote_note":"","_monsterinsights_sitenote_category":0,"_uf_show_specific_survey":0,"_uf_disable_surveys":false,"site-sidebar-layout":"default","site-content-layout":"","ast-site-content-layout":"default","site-content-style":"default","site-sidebar-style":"default","ast-global-header-display":"","ast-banner-title-visibility":"","ast-main-header-display":"","ast-hfb-above-header-display":"","ast-hfb-below-header-display":"","ast-hfb-mobile-header-display":"","site-post-title":"","ast-breadcrumbs-content":"","ast-featured-img":"","footer-sml-layout":"","ast-disable-related-posts":"","theme-transparent-header-meta":"","adv-header-id-meta":"","stick-header-meta":"","header-above-stick-meta":"","header-main-stick-meta":"","header-below-stick-meta":"","astra-migrate-meta-layouts":"default","ast-page-background-enabled":"default","ast-page-background-meta":{"desktop":{"background-color":"var(--ast-global-color-4)","background-image":"","background-repeat":"repeat","background-position":"center center","background-size":"auto","background-attachment":"scroll","background-type":"","background-media":"","overlay-type":"","overlay-color":"","overlay-opacity":"","overlay-gradient":""},"tablet":{"background-color":"","background-image":"","background-repeat":"repeat","background-position":"center center","background-size":"auto","background-attachment":"scroll","background-type":"","background-media":"","overlay-type":"","overlay-color":"","overlay-opacity":"","overlay-gradient":""},"mobile":{"background-color":"","background-image":"","background-repeat":"repeat","background-position":"center center","background-size":"auto","background-attachment":"scroll","background-type":"","background-media":"","overlay-type":"","overlay-color":"","overlay-opacity":"","overlay-gradient":""}},"ast-content-background-meta":{"desktop":{"background-color":"var(--ast-global-color-5)","background-image":"","background-repeat":"repeat","background-position":"center center","background-size":"auto","background-attachment":"scroll","background-type":"","background-media":"","overlay-type":"","overlay-color":"","overlay-opacity":"","overlay-gradient":""},"tablet":{"background-color":"var(--ast-global-color-5)","background-image":"","background-repeat":"repeat","background-position":"center center","background-size":"auto","background-attachment":"scroll","background-type":"","background-media":"","overlay-type":"","overlay-color":"","overlay-opacity":"","overlay-gradient":""},"mobile":{"background-color":"var(--ast-global-color-5)","background-image":"","background-repeat":"repeat","background-position":"center center","background-size":"auto","background-attachment":"scroll","background-type":"","background-media":"","overlay-type":"","overlay-color":"","overlay-opacity":"","overlay-gradient":""}},"footnotes":""},"class_list":["post-3311","page","type-page","status-publish","hentry"],"aioseo_notices":[],"yoast_head":"<!-- This site is optimized with the Yoast SEO plugin v27.4 - https:\/\/yoast.com\/product\/yoast-seo-wordpress\/ -->\n<title>Kalendarium dziej\u00f3w \u017byd\u00f3w w Ostrowcu - Jews of Ostrowiec \u05d0\u05ea\u05e8 \u05d4\u05e0\u05e6\u05d7\u05ea \u05d9\u05d4\u05d5\u05d3\u05d9 \u05d0\u05d5\u05e1\u05d8\u05e8\u05d5\u05d1\u05d9\u05d9\u05e5 (\u05d0\u05d5\u05e1\u05d8\u05e8\u05d5\u05d1\u05e6\u05d4)<\/title>\n<meta name=\"robots\" content=\"index, follow, max-snippet:-1, max-image-preview:large, max-video-preview:-1\" \/>\n<link rel=\"canonical\" href=\"https:\/\/jewsofostrowiec.com\/pl\/kalendarium-dziejow-zydow-w-ostrowcu\/\" \/>\n<meta property=\"og:locale\" content=\"pl_PL\" \/>\n<meta property=\"og:type\" content=\"article\" \/>\n<meta property=\"og:title\" content=\"Kalendarium dziej\u00f3w \u017byd\u00f3w w Ostrowcu - Jews of Ostrowiec \u05d0\u05ea\u05e8 \u05d4\u05e0\u05e6\u05d7\u05ea \u05d9\u05d4\u05d5\u05d3\u05d9 \u05d0\u05d5\u05e1\u05d8\u05e8\u05d5\u05d1\u05d9\u05d9\u05e5 (\u05d0\u05d5\u05e1\u05d8\u05e8\u05d5\u05d1\u05e6\u05d4)\" \/>\n<meta property=\"og:description\" content=\"Kalendarium dziej\u00f3w \u017byd\u00f3w w Ostrowcu (wybrane daty i wydarzenia) 1631 \u2013 pierwsza wzmianka o \u017bydzie ostrowieckim 1662 \u2013 w Ostrowcu \u017cyje 304 chrze\u015bcijan i 81 \u017cyd\u00f3w 1836 \u2013Abraham Simon Cohen, kupiec warszawski, w porozumieniu z hr. Henrykiem \u0141ubie\u0144skim, nabywa dobra Ostrowiec (pocz\u0105tek rozwoju ostrowieckiego hutnictwa, tzw. huta Klimkiewicz\u00f3w) 1867 &#8211; w\u0142a\u015bcicielem d\u00f3br ostrowieckich zostaje bankier, [&hellip;]\" \/>\n<meta property=\"og:url\" content=\"https:\/\/jewsofostrowiec.com\/pl\/kalendarium-dziejow-zydow-w-ostrowcu\/\" \/>\n<meta property=\"og:site_name\" content=\"Jews of Ostrowiec \u05d0\u05ea\u05e8 \u05d4\u05e0\u05e6\u05d7\u05ea \u05d9\u05d4\u05d5\u05d3\u05d9 \u05d0\u05d5\u05e1\u05d8\u05e8\u05d5\u05d1\u05d9\u05d9\u05e5 (\u05d0\u05d5\u05e1\u05d8\u05e8\u05d5\u05d1\u05e6\u05d4)\" \/>\n<meta property=\"article:publisher\" content=\"https:\/\/www.facebook.com\/groups\/267322667278742\/\" \/>\n<meta name=\"twitter:card\" content=\"summary_large_image\" \/>\n<meta name=\"twitter:label1\" content=\"Szacowany czas czytania\" \/>\n\t<meta name=\"twitter:data1\" content=\"1 minuta\" \/>\n<script type=\"application\/ld+json\" class=\"yoast-schema-graph\">{\"@context\":\"https:\\\/\\\/schema.org\",\"@graph\":[{\"@type\":\"WebPage\",\"@id\":\"https:\\\/\\\/jewsofostrowiec.com\\\/pl\\\/kalendarium-dziejow-zydow-w-ostrowcu\\\/\",\"url\":\"https:\\\/\\\/jewsofostrowiec.com\\\/pl\\\/kalendarium-dziejow-zydow-w-ostrowcu\\\/\",\"name\":\"Kalendarium dziej\u00f3w \u017byd\u00f3w w Ostrowcu - Jews of Ostrowiec \u05d0\u05ea\u05e8 \u05d4\u05e0\u05e6\u05d7\u05ea \u05d9\u05d4\u05d5\u05d3\u05d9 \u05d0\u05d5\u05e1\u05d8\u05e8\u05d5\u05d1\u05d9\u05d9\u05e5 (\u05d0\u05d5\u05e1\u05d8\u05e8\u05d5\u05d1\u05e6\u05d4)\",\"isPartOf\":{\"@id\":\"https:\\\/\\\/jewsofostrowiec.com\\\/#website\"},\"datePublished\":\"2019-08-12T07:15:30+00:00\",\"breadcrumb\":{\"@id\":\"https:\\\/\\\/jewsofostrowiec.com\\\/pl\\\/kalendarium-dziejow-zydow-w-ostrowcu\\\/#breadcrumb\"},\"inLanguage\":\"pl-PL\",\"potentialAction\":[{\"@type\":\"ReadAction\",\"target\":[\"https:\\\/\\\/jewsofostrowiec.com\\\/pl\\\/kalendarium-dziejow-zydow-w-ostrowcu\\\/\"]}]},{\"@type\":\"BreadcrumbList\",\"@id\":\"https:\\\/\\\/jewsofostrowiec.com\\\/pl\\\/kalendarium-dziejow-zydow-w-ostrowcu\\\/#breadcrumb\",\"itemListElement\":[{\"@type\":\"ListItem\",\"position\":1,\"name\":\"Home\",\"item\":\"https:\\\/\\\/jewsofostrowiec.com\\\/pl\\\/\"},{\"@type\":\"ListItem\",\"position\":2,\"name\":\"Kalendarium dziej\u00f3w \u017byd\u00f3w w Ostrowcu\"}]},{\"@type\":\"WebSite\",\"@id\":\"https:\\\/\\\/jewsofostrowiec.com\\\/#website\",\"url\":\"https:\\\/\\\/jewsofostrowiec.com\\\/\",\"name\":\"Jews of Ostrowiec \u05d0\u05ea\u05e8 \u05d4\u05e0\u05e6\u05d7\u05ea \u05d9\u05d4\u05d5\u05d3\u05d9 \u05d0\u05d5\u05e1\u05d8\u05e8\u05d5\u05d1\u05d9\u05d9\u05e5 (\u05d0\u05d5\u05e1\u05d8\u05e8\u05d5\u05d1\u05e6\u05d4)\",\"description\":\"Memorial of the Jewish Community of Ostrowiec \u015awi\u0119tokrzyski, Poland\",\"publisher\":{\"@id\":\"https:\\\/\\\/jewsofostrowiec.com\\\/#organization\"},\"potentialAction\":[{\"@type\":\"SearchAction\",\"target\":{\"@type\":\"EntryPoint\",\"urlTemplate\":\"https:\\\/\\\/jewsofostrowiec.com\\\/?s={search_term_string}\"},\"query-input\":{\"@type\":\"PropertyValueSpecification\",\"valueRequired\":true,\"valueName\":\"search_term_string\"}}],\"inLanguage\":\"pl-PL\"},{\"@type\":\"Organization\",\"@id\":\"https:\\\/\\\/jewsofostrowiec.com\\\/#organization\",\"name\":\"Jews of Ostrowiec \u05d0\u05ea\u05e8 \u05d4\u05e0\u05e6\u05d7\u05ea \u05d9\u05d4\u05d5\u05d3\u05d9 \u05d0\u05d5\u05e1\u05d8\u05e8\u05d5\u05d1\u05d9\u05d9\u05e5 (\u05d0\u05d5\u05e1\u05d8\u05e8\u05d5\u05d1\u05e6\u05d4)\",\"url\":\"https:\\\/\\\/jewsofostrowiec.com\\\/\",\"logo\":{\"@type\":\"ImageObject\",\"inLanguage\":\"pl-PL\",\"@id\":\"https:\\\/\\\/jewsofostrowiec.com\\\/#\\\/schema\\\/logo\\\/image\\\/\",\"url\":\"https:\\\/\\\/jewsofostrowiec.com\\\/wp-content\\\/uploads\\\/2022\\\/10\\\/JEWS-OF-OSTROWIEC-logo.png\",\"contentUrl\":\"https:\\\/\\\/jewsofostrowiec.com\\\/wp-content\\\/uploads\\\/2022\\\/10\\\/JEWS-OF-OSTROWIEC-logo.png\",\"width\":200,\"height\":200,\"caption\":\"Jews of Ostrowiec \u05d0\u05ea\u05e8 \u05d4\u05e0\u05e6\u05d7\u05ea \u05d9\u05d4\u05d5\u05d3\u05d9 \u05d0\u05d5\u05e1\u05d8\u05e8\u05d5\u05d1\u05d9\u05d9\u05e5 (\u05d0\u05d5\u05e1\u05d8\u05e8\u05d5\u05d1\u05e6\u05d4)\"},\"image\":{\"@id\":\"https:\\\/\\\/jewsofostrowiec.com\\\/#\\\/schema\\\/logo\\\/image\\\/\"},\"sameAs\":[\"https:\\\/\\\/www.facebook.com\\\/groups\\\/267322667278742\\\/\"]}]}<\/script>\n<!-- \/ Yoast SEO plugin. -->","yoast_head_json":{"title":"Kalendarium dziej\u00f3w \u017byd\u00f3w w Ostrowcu - Jews of Ostrowiec \u05d0\u05ea\u05e8 \u05d4\u05e0\u05e6\u05d7\u05ea \u05d9\u05d4\u05d5\u05d3\u05d9 \u05d0\u05d5\u05e1\u05d8\u05e8\u05d5\u05d1\u05d9\u05d9\u05e5 (\u05d0\u05d5\u05e1\u05d8\u05e8\u05d5\u05d1\u05e6\u05d4)","robots":{"index":"index","follow":"follow","max-snippet":"max-snippet:-1","max-image-preview":"max-image-preview:large","max-video-preview":"max-video-preview:-1"},"canonical":"https:\/\/jewsofostrowiec.com\/pl\/kalendarium-dziejow-zydow-w-ostrowcu\/","og_locale":"pl_PL","og_type":"article","og_title":"Kalendarium dziej\u00f3w \u017byd\u00f3w w Ostrowcu - Jews of Ostrowiec \u05d0\u05ea\u05e8 \u05d4\u05e0\u05e6\u05d7\u05ea \u05d9\u05d4\u05d5\u05d3\u05d9 \u05d0\u05d5\u05e1\u05d8\u05e8\u05d5\u05d1\u05d9\u05d9\u05e5 (\u05d0\u05d5\u05e1\u05d8\u05e8\u05d5\u05d1\u05e6\u05d4)","og_description":"Kalendarium dziej\u00f3w \u017byd\u00f3w w Ostrowcu (wybrane daty i wydarzenia) 1631 \u2013 pierwsza wzmianka o \u017bydzie ostrowieckim 1662 \u2013 w Ostrowcu \u017cyje 304 chrze\u015bcijan i 81 \u017cyd\u00f3w 1836 \u2013Abraham Simon Cohen, kupiec warszawski, w porozumieniu z hr. Henrykiem \u0141ubie\u0144skim, nabywa dobra Ostrowiec (pocz\u0105tek rozwoju ostrowieckiego hutnictwa, tzw. huta Klimkiewicz\u00f3w) 1867 &#8211; w\u0142a\u015bcicielem d\u00f3br ostrowieckich zostaje bankier, [&hellip;]","og_url":"https:\/\/jewsofostrowiec.com\/pl\/kalendarium-dziejow-zydow-w-ostrowcu\/","og_site_name":"Jews of Ostrowiec \u05d0\u05ea\u05e8 \u05d4\u05e0\u05e6\u05d7\u05ea \u05d9\u05d4\u05d5\u05d3\u05d9 \u05d0\u05d5\u05e1\u05d8\u05e8\u05d5\u05d1\u05d9\u05d9\u05e5 (\u05d0\u05d5\u05e1\u05d8\u05e8\u05d5\u05d1\u05e6\u05d4)","article_publisher":"https:\/\/www.facebook.com\/groups\/267322667278742\/","twitter_card":"summary_large_image","twitter_misc":{"Szacowany czas czytania":"1 minuta"},"schema":{"@context":"https:\/\/schema.org","@graph":[{"@type":"WebPage","@id":"https:\/\/jewsofostrowiec.com\/pl\/kalendarium-dziejow-zydow-w-ostrowcu\/","url":"https:\/\/jewsofostrowiec.com\/pl\/kalendarium-dziejow-zydow-w-ostrowcu\/","name":"Kalendarium dziej\u00f3w \u017byd\u00f3w w Ostrowcu - Jews of Ostrowiec \u05d0\u05ea\u05e8 \u05d4\u05e0\u05e6\u05d7\u05ea \u05d9\u05d4\u05d5\u05d3\u05d9 \u05d0\u05d5\u05e1\u05d8\u05e8\u05d5\u05d1\u05d9\u05d9\u05e5 (\u05d0\u05d5\u05e1\u05d8\u05e8\u05d5\u05d1\u05e6\u05d4)","isPartOf":{"@id":"https:\/\/jewsofostrowiec.com\/#website"},"datePublished":"2019-08-12T07:15:30+00:00","breadcrumb":{"@id":"https:\/\/jewsofostrowiec.com\/pl\/kalendarium-dziejow-zydow-w-ostrowcu\/#breadcrumb"},"inLanguage":"pl-PL","potentialAction":[{"@type":"ReadAction","target":["https:\/\/jewsofostrowiec.com\/pl\/kalendarium-dziejow-zydow-w-ostrowcu\/"]}]},{"@type":"BreadcrumbList","@id":"https:\/\/jewsofostrowiec.com\/pl\/kalendarium-dziejow-zydow-w-ostrowcu\/#breadcrumb","itemListElement":[{"@type":"ListItem","position":1,"name":"Home","item":"https:\/\/jewsofostrowiec.com\/pl\/"},{"@type":"ListItem","position":2,"name":"Kalendarium dziej\u00f3w \u017byd\u00f3w w Ostrowcu"}]},{"@type":"WebSite","@id":"https:\/\/jewsofostrowiec.com\/#website","url":"https:\/\/jewsofostrowiec.com\/","name":"Jews of Ostrowiec \u05d0\u05ea\u05e8 \u05d4\u05e0\u05e6\u05d7\u05ea \u05d9\u05d4\u05d5\u05d3\u05d9 \u05d0\u05d5\u05e1\u05d8\u05e8\u05d5\u05d1\u05d9\u05d9\u05e5 (\u05d0\u05d5\u05e1\u05d8\u05e8\u05d5\u05d1\u05e6\u05d4)","description":"Memorial of the Jewish Community of Ostrowiec \u015awi\u0119tokrzyski, Poland","publisher":{"@id":"https:\/\/jewsofostrowiec.com\/#organization"},"potentialAction":[{"@type":"SearchAction","target":{"@type":"EntryPoint","urlTemplate":"https:\/\/jewsofostrowiec.com\/?s={search_term_string}"},"query-input":{"@type":"PropertyValueSpecification","valueRequired":true,"valueName":"search_term_string"}}],"inLanguage":"pl-PL"},{"@type":"Organization","@id":"https:\/\/jewsofostrowiec.com\/#organization","name":"Jews of Ostrowiec \u05d0\u05ea\u05e8 \u05d4\u05e0\u05e6\u05d7\u05ea \u05d9\u05d4\u05d5\u05d3\u05d9 \u05d0\u05d5\u05e1\u05d8\u05e8\u05d5\u05d1\u05d9\u05d9\u05e5 (\u05d0\u05d5\u05e1\u05d8\u05e8\u05d5\u05d1\u05e6\u05d4)","url":"https:\/\/jewsofostrowiec.com\/","logo":{"@type":"ImageObject","inLanguage":"pl-PL","@id":"https:\/\/jewsofostrowiec.com\/#\/schema\/logo\/image\/","url":"https:\/\/jewsofostrowiec.com\/wp-content\/uploads\/2022\/10\/JEWS-OF-OSTROWIEC-logo.png","contentUrl":"https:\/\/jewsofostrowiec.com\/wp-content\/uploads\/2022\/10\/JEWS-OF-OSTROWIEC-logo.png","width":200,"height":200,"caption":"Jews of Ostrowiec \u05d0\u05ea\u05e8 \u05d4\u05e0\u05e6\u05d7\u05ea \u05d9\u05d4\u05d5\u05d3\u05d9 \u05d0\u05d5\u05e1\u05d8\u05e8\u05d5\u05d1\u05d9\u05d9\u05e5 (\u05d0\u05d5\u05e1\u05d8\u05e8\u05d5\u05d1\u05e6\u05d4)"},"image":{"@id":"https:\/\/jewsofostrowiec.com\/#\/schema\/logo\/image\/"},"sameAs":["https:\/\/www.facebook.com\/groups\/267322667278742\/"]}]}},"_links":{"self":[{"href":"https:\/\/jewsofostrowiec.com\/pl\/wp-json\/wp\/v2\/pages\/3311","targetHints":{"allow":["GET"]}}],"collection":[{"href":"https:\/\/jewsofostrowiec.com\/pl\/wp-json\/wp\/v2\/pages"}],"about":[{"href":"https:\/\/jewsofostrowiec.com\/pl\/wp-json\/wp\/v2\/types\/page"}],"author":[{"embeddable":true,"href":"https:\/\/jewsofostrowiec.com\/pl\/wp-json\/wp\/v2\/users\/4"}],"replies":[{"embeddable":true,"href":"https:\/\/jewsofostrowiec.com\/pl\/wp-json\/wp\/v2\/comments?post=3311"}],"version-history":[{"count":2,"href":"https:\/\/jewsofostrowiec.com\/pl\/wp-json\/wp\/v2\/pages\/3311\/revisions"}],"predecessor-version":[{"id":3313,"href":"https:\/\/jewsofostrowiec.com\/pl\/wp-json\/wp\/v2\/pages\/3311\/revisions\/3313"}],"wp:attachment":[{"href":"https:\/\/jewsofostrowiec.com\/pl\/wp-json\/wp\/v2\/media?parent=3311"}],"curies":[{"name":"wp","href":"https:\/\/api.w.org\/{rel}","templated":true}]}}