{"id":3314,"date":"2019-08-12T10:20:20","date_gmt":"2019-08-12T07:20:20","guid":{"rendered":"https:\/\/jewsofostrowiec.i-visual.co.il\/?page_id=3314"},"modified":"2019-08-12T11:09:39","modified_gmt":"2019-08-12T08:09:39","slug":"osobowosci-przedwojennego-ostrowca","status":"publish","type":"page","link":"https:\/\/jewsofostrowiec.com\/pl\/osobowosci-przedwojennego-ostrowca\/","title":{"rendered":"Osobowo\u015bci przedwojennego Ostrowca"},"content":{"rendered":"\n\t<h2><strong>Osobowo\u015bci przedwojennego Ostrowca <\/strong><\/h2>\n\t<p><strong>Majer Chil Halsztok &#8211; <\/strong>by\u0142 ostrowieckim rabinem przez ponad 40 lat. M\u00f3wiono o nim, \u017ce \u201e\u017cy\u0142 w Ostrowcu, ale jego duch szybowa\u0142 w niebie\u201d. Halsztuk by\u0142 uzdolnionym talmudyst\u0105. Zajmowa\u0142 si\u0119 r\u00f3wnie\u017c naukami \u015bwieckimi \u2013 astronomi\u0105 i matematyk\u0105. W \u201eKsi\u0119dze pami\u0119ci\u201d zachowa\u0142 si\u0119 jego opis: \u201eWysoki, imponuj\u0105cej postury, rabin Majer Chil by\u0142 nieco ekscentryczny w ubiorze, nosz\u0105c \u201espodak\u201d [wysoki futrzany kapelusz] i futrzany ko\u0142nierz nawet w lato. Mia\u0142 niesamowicie blad\u0105 twarz i dzikie oczy, kt\u00f3re emanowa\u0142y boskim blaskiem. Pod wp\u0142ywem ascetycznych zachowa\u0144 rabina wielu ortodoksyjnych mieszka\u0144c\u00f3w Ostrowca przestawa\u0142o je\u015b\u0107 mi\u0119so i \u017cyli na diecie nabia\u0142owej.\u201d Zmar\u0142 w wieku 77 lat w 1928 roku.<\/p>\n\t\t\t\t<img loading=\"lazy\" decoding=\"async\" src=\"https:\/\/jewsofostrowiec.com\/wp-content\/uploads\/2017\/12\/Ostrovster-Rabbi-259x300.jpg\" alt=\"Rabbi Meir Yechiel haLevi Halstock\" itemprop=\"image\" height=\"300\" width=\"259\" title=\"Ostrovster Rabbi\" onerror=\"this.style.display='none'\"  \/>\n\t<p><strong>Ludwik Wacholder<\/strong> &#8211; dentysta, spo\u0142ecznik, wieloletni radny miejski zasiadaj\u0105cy w sekcji szkolnej i sanitarnej, zamordowany 28 kwietnia 1942 r. na ul. I\u0142\u017ceckiej.<\/p>\n<p><strong>Szymon Fiszman<\/strong> \u2013 tragarz, prezes ostrowieckiego Bundu, zamordowany 28 kwietnia 1942 r. na ul. G\u00f3rzystej.<\/p>\n<p><strong>dr Adam (Abram?) Malinger<\/strong> \u2013 lekarz dentysta w Kasie Chorych, radny miejski od 1918 r.<\/p>\n<p><strong>dr Abram Jele\u0144<\/strong> \u2013 dermatolog i pediatra, w 1926 r. w zarz\u0105dzie ostrowieckiej Kasy Chorych, w 1933 r. ordynator Oddzia\u0142u Wewn\u0119trznego Szpitala w Ostrowcu.<\/p>\n<p><strong>Abraham Mordechaj Szymonowicz<\/strong> \u2013 za\u0142o\u017cyciel i prezes Stowarzyszenia Popierania i Krzewienia Wiedzy Religijno-Talmudycznej \u201eBejt Josef\u201d (Dom J\u00f3zefa), kt\u00f3rego aktywno\u015b\u0107 w Ostrowcu przypada na lata 30.<\/p>\n<p><strong>dr Jakub Holler<\/strong> &#8211; nauczyciel \u0142aciny i j. niemieckiego w Gimnazjum im. Chreptowicza, asymilator, zgin\u0105\u0142 w 1942 roku w getcie.<\/p>\n\t\t\t\t<img loading=\"lazy\" decoding=\"async\" src=\"https:\/\/jewsofostrowiec.com\/wp-content\/uploads\/2018\/01\/Szmul-192x300.jpg\" alt=\"Szmul Muszkies\" itemprop=\"image\" height=\"300\" width=\"192\" title=\"Szmul\" onerror=\"this.style.display='none'\"  \/>\n\t<p><strong>Szmul Muszkies<\/strong> &#8211; fotograf, w\u0142a\u015bciciel zak\u0142adu fotograficznego \u201eRembrandt\u201d, zamordowany w obozie Gusen (Austria) w kwietniu 1945 r.<\/p>\n\t<p><strong>Josek Pfeffer<\/strong> \u2013 bankier, w\u0142a\u015bciciel reprezentacyjnego domu bankowego przy Alei 3 Maja (obecnie komenda policji).<\/p>\n<p><strong>Kiwa Rosset<\/strong> \u2013 w\u0142a\u015bciciel okaza\u0142ej kamienicy czynszowej przy Alei 3 Maja 3.<\/p>\n<p><strong>Chaskiel Krongold<\/strong> \u2013 przemys\u0142owiec, w\u0142a\u015bciciel fabryki Smo\u0142opap przy ul. \u017babiej i modernistycznej willi na ul. Sk\u0142adowej.<\/p>\n<p><strong>Szmul Heine<\/strong> \u2013 przemys\u0142owiec, w\u0142a\u015bciciel tartaku na Ku\u017ani oraz kamienicy przy ul. I\u0142\u017ceckiej (wyburzonej w 2014).<\/p>\n<p><strong>\u201eOstrowcer Cajtung\u201d<\/strong> \u2013 \u017cydowsko-polska gazeta wydawana w latach 1938-39 w Ostrowcu przez L. Rotsztajna.<\/p>\n\t\t<h3><a href=\"https:\/\/jewsofostrowiec.com\/pl\/sprawiedliwy-wsrod-narodow-swiata\/?lang=pl\" target=\"_self\" rel=\"noopener noreferrer\">Sprawiedliwy W\u015br\u00f3d Narod\u00f3w \u015awiata<\/a><\/h3>\t\t\n","protected":false},"excerpt":{"rendered":"<p>Osobowo\u015bci przedwojennego Ostrowca Majer Chil Halsztok &#8211; by\u0142 ostrowieckim rabinem przez ponad 40 lat. M\u00f3wiono o nim, \u017ce \u201e\u017cy\u0142 w Ostrowcu, ale jego duch szybowa\u0142 w niebie\u201d. Halsztuk by\u0142 uzdolnionym talmudyst\u0105. Zajmowa\u0142 si\u0119 r\u00f3wnie\u017c naukami \u015bwieckimi \u2013 astronomi\u0105 i matematyk\u0105. W \u201eKsi\u0119dze pami\u0119ci\u201d zachowa\u0142 si\u0119 jego opis: \u201eWysoki, imponuj\u0105cej postury, rabin Majer Chil by\u0142 nieco [&hellip;]<\/p>\n","protected":false},"author":4,"featured_media":0,"parent":0,"menu_order":0,"comment_status":"closed","ping_status":"closed","template":"","meta":{"_monsterinsights_skip_tracking":false,"_monsterinsights_sitenote_active":false,"_monsterinsights_sitenote_note":"","_monsterinsights_sitenote_category":0,"_uf_show_specific_survey":0,"_uf_disable_surveys":false,"site-sidebar-layout":"default","site-content-layout":"","ast-site-content-layout":"default","site-content-style":"default","site-sidebar-style":"default","ast-global-header-display":"","ast-banner-title-visibility":"","ast-main-header-display":"","ast-hfb-above-header-display":"","ast-hfb-below-header-display":"","ast-hfb-mobile-header-display":"","site-post-title":"","ast-breadcrumbs-content":"","ast-featured-img":"","footer-sml-layout":"","ast-disable-related-posts":"","theme-transparent-header-meta":"","adv-header-id-meta":"","stick-header-meta":"","header-above-stick-meta":"","header-main-stick-meta":"","header-below-stick-meta":"","astra-migrate-meta-layouts":"default","ast-page-background-enabled":"default","ast-page-background-meta":{"desktop":{"background-color":"var(--ast-global-color-4)","background-image":"","background-repeat":"repeat","background-position":"center center","background-size":"auto","background-attachment":"scroll","background-type":"","background-media":"","overlay-type":"","overlay-color":"","overlay-opacity":"","overlay-gradient":""},"tablet":{"background-color":"","background-image":"","background-repeat":"repeat","background-position":"center center","background-size":"auto","background-attachment":"scroll","background-type":"","background-media":"","overlay-type":"","overlay-color":"","overlay-opacity":"","overlay-gradient":""},"mobile":{"background-color":"","background-image":"","background-repeat":"repeat","background-position":"center center","background-size":"auto","background-attachment":"scroll","background-type":"","background-media":"","overlay-type":"","overlay-color":"","overlay-opacity":"","overlay-gradient":""}},"ast-content-background-meta":{"desktop":{"background-color":"var(--ast-global-color-5)","background-image":"","background-repeat":"repeat","background-position":"center center","background-size":"auto","background-attachment":"scroll","background-type":"","background-media":"","overlay-type":"","overlay-color":"","overlay-opacity":"","overlay-gradient":""},"tablet":{"background-color":"var(--ast-global-color-5)","background-image":"","background-repeat":"repeat","background-position":"center center","background-size":"auto","background-attachment":"scroll","background-type":"","background-media":"","overlay-type":"","overlay-color":"","overlay-opacity":"","overlay-gradient":""},"mobile":{"background-color":"var(--ast-global-color-5)","background-image":"","background-repeat":"repeat","background-position":"center center","background-size":"auto","background-attachment":"scroll","background-type":"","background-media":"","overlay-type":"","overlay-color":"","overlay-opacity":"","overlay-gradient":""}},"footnotes":""},"class_list":["post-3314","page","type-page","status-publish","hentry"],"aioseo_notices":[],"yoast_head":"<!-- This site is optimized with the Yoast SEO plugin v27.4 - https:\/\/yoast.com\/product\/yoast-seo-wordpress\/ -->\n<title>Osobowo\u015bci przedwojennego Ostrowca - Jews of Ostrowiec \u05d0\u05ea\u05e8 \u05d4\u05e0\u05e6\u05d7\u05ea \u05d9\u05d4\u05d5\u05d3\u05d9 \u05d0\u05d5\u05e1\u05d8\u05e8\u05d5\u05d1\u05d9\u05d9\u05e5 (\u05d0\u05d5\u05e1\u05d8\u05e8\u05d5\u05d1\u05e6\u05d4)<\/title>\n<meta name=\"robots\" content=\"index, follow, max-snippet:-1, max-image-preview:large, max-video-preview:-1\" \/>\n<link rel=\"canonical\" href=\"https:\/\/jewsofostrowiec.com\/pl\/osobowosci-przedwojennego-ostrowca\/\" \/>\n<meta property=\"og:locale\" content=\"pl_PL\" \/>\n<meta property=\"og:type\" content=\"article\" \/>\n<meta property=\"og:title\" content=\"Osobowo\u015bci przedwojennego Ostrowca - Jews of Ostrowiec \u05d0\u05ea\u05e8 \u05d4\u05e0\u05e6\u05d7\u05ea \u05d9\u05d4\u05d5\u05d3\u05d9 \u05d0\u05d5\u05e1\u05d8\u05e8\u05d5\u05d1\u05d9\u05d9\u05e5 (\u05d0\u05d5\u05e1\u05d8\u05e8\u05d5\u05d1\u05e6\u05d4)\" \/>\n<meta property=\"og:description\" content=\"Osobowo\u015bci przedwojennego Ostrowca Majer Chil Halsztok &#8211; by\u0142 ostrowieckim rabinem przez ponad 40 lat. M\u00f3wiono o nim, \u017ce \u201e\u017cy\u0142 w Ostrowcu, ale jego duch szybowa\u0142 w niebie\u201d. Halsztuk by\u0142 uzdolnionym talmudyst\u0105. Zajmowa\u0142 si\u0119 r\u00f3wnie\u017c naukami \u015bwieckimi \u2013 astronomi\u0105 i matematyk\u0105. W \u201eKsi\u0119dze pami\u0119ci\u201d zachowa\u0142 si\u0119 jego opis: \u201eWysoki, imponuj\u0105cej postury, rabin Majer Chil by\u0142 nieco [&hellip;]\" \/>\n<meta property=\"og:url\" content=\"https:\/\/jewsofostrowiec.com\/pl\/osobowosci-przedwojennego-ostrowca\/\" \/>\n<meta property=\"og:site_name\" content=\"Jews of Ostrowiec \u05d0\u05ea\u05e8 \u05d4\u05e0\u05e6\u05d7\u05ea \u05d9\u05d4\u05d5\u05d3\u05d9 \u05d0\u05d5\u05e1\u05d8\u05e8\u05d5\u05d1\u05d9\u05d9\u05e5 (\u05d0\u05d5\u05e1\u05d8\u05e8\u05d5\u05d1\u05e6\u05d4)\" \/>\n<meta property=\"article:publisher\" content=\"https:\/\/www.facebook.com\/groups\/267322667278742\/\" \/>\n<meta property=\"article:modified_time\" content=\"2019-08-12T08:09:39+00:00\" \/>\n<meta property=\"og:image\" content=\"https:\/\/jewsofostrowiec.com\/wp-content\/uploads\/2017\/12\/Ostrovster-Rabbi-259x300.jpg\" \/>\n<meta name=\"twitter:card\" content=\"summary_large_image\" \/>\n<meta name=\"twitter:label1\" content=\"Szacowany czas czytania\" \/>\n\t<meta name=\"twitter:data1\" content=\"2 minuty\" \/>\n<script type=\"application\/ld+json\" class=\"yoast-schema-graph\">{\"@context\":\"https:\\\/\\\/schema.org\",\"@graph\":[{\"@type\":\"WebPage\",\"@id\":\"https:\\\/\\\/jewsofostrowiec.com\\\/pl\\\/osobowosci-przedwojennego-ostrowca\\\/\",\"url\":\"https:\\\/\\\/jewsofostrowiec.com\\\/pl\\\/osobowosci-przedwojennego-ostrowca\\\/\",\"name\":\"Osobowo\u015bci przedwojennego Ostrowca - Jews of Ostrowiec \u05d0\u05ea\u05e8 \u05d4\u05e0\u05e6\u05d7\u05ea \u05d9\u05d4\u05d5\u05d3\u05d9 \u05d0\u05d5\u05e1\u05d8\u05e8\u05d5\u05d1\u05d9\u05d9\u05e5 (\u05d0\u05d5\u05e1\u05d8\u05e8\u05d5\u05d1\u05e6\u05d4)\",\"isPartOf\":{\"@id\":\"https:\\\/\\\/jewsofostrowiec.com\\\/#website\"},\"primaryImageOfPage\":{\"@id\":\"https:\\\/\\\/jewsofostrowiec.com\\\/pl\\\/osobowosci-przedwojennego-ostrowca\\\/#primaryimage\"},\"image\":{\"@id\":\"https:\\\/\\\/jewsofostrowiec.com\\\/pl\\\/osobowosci-przedwojennego-ostrowca\\\/#primaryimage\"},\"thumbnailUrl\":\"https:\\\/\\\/jewsofostrowiec.com\\\/wp-content\\\/uploads\\\/2017\\\/12\\\/Ostrovster-Rabbi-259x300.jpg\",\"datePublished\":\"2019-08-12T07:20:20+00:00\",\"dateModified\":\"2019-08-12T08:09:39+00:00\",\"breadcrumb\":{\"@id\":\"https:\\\/\\\/jewsofostrowiec.com\\\/pl\\\/osobowosci-przedwojennego-ostrowca\\\/#breadcrumb\"},\"inLanguage\":\"pl-PL\",\"potentialAction\":[{\"@type\":\"ReadAction\",\"target\":[\"https:\\\/\\\/jewsofostrowiec.com\\\/pl\\\/osobowosci-przedwojennego-ostrowca\\\/\"]}]},{\"@type\":\"ImageObject\",\"inLanguage\":\"pl-PL\",\"@id\":\"https:\\\/\\\/jewsofostrowiec.com\\\/pl\\\/osobowosci-przedwojennego-ostrowca\\\/#primaryimage\",\"url\":\"https:\\\/\\\/jewsofostrowiec.com\\\/wp-content\\\/uploads\\\/2017\\\/12\\\/Ostrovster-Rabbi-259x300.jpg\",\"contentUrl\":\"https:\\\/\\\/jewsofostrowiec.com\\\/wp-content\\\/uploads\\\/2017\\\/12\\\/Ostrovster-Rabbi-259x300.jpg\"},{\"@type\":\"BreadcrumbList\",\"@id\":\"https:\\\/\\\/jewsofostrowiec.com\\\/pl\\\/osobowosci-przedwojennego-ostrowca\\\/#breadcrumb\",\"itemListElement\":[{\"@type\":\"ListItem\",\"position\":1,\"name\":\"Home\",\"item\":\"https:\\\/\\\/jewsofostrowiec.com\\\/pl\\\/\"},{\"@type\":\"ListItem\",\"position\":2,\"name\":\"Osobowo\u015bci przedwojennego Ostrowca\"}]},{\"@type\":\"WebSite\",\"@id\":\"https:\\\/\\\/jewsofostrowiec.com\\\/#website\",\"url\":\"https:\\\/\\\/jewsofostrowiec.com\\\/\",\"name\":\"Jews of Ostrowiec \u05d0\u05ea\u05e8 \u05d4\u05e0\u05e6\u05d7\u05ea \u05d9\u05d4\u05d5\u05d3\u05d9 \u05d0\u05d5\u05e1\u05d8\u05e8\u05d5\u05d1\u05d9\u05d9\u05e5 (\u05d0\u05d5\u05e1\u05d8\u05e8\u05d5\u05d1\u05e6\u05d4)\",\"description\":\"Memorial of the Jewish Community of Ostrowiec \u015awi\u0119tokrzyski, Poland\",\"publisher\":{\"@id\":\"https:\\\/\\\/jewsofostrowiec.com\\\/#organization\"},\"potentialAction\":[{\"@type\":\"SearchAction\",\"target\":{\"@type\":\"EntryPoint\",\"urlTemplate\":\"https:\\\/\\\/jewsofostrowiec.com\\\/?s={search_term_string}\"},\"query-input\":{\"@type\":\"PropertyValueSpecification\",\"valueRequired\":true,\"valueName\":\"search_term_string\"}}],\"inLanguage\":\"pl-PL\"},{\"@type\":\"Organization\",\"@id\":\"https:\\\/\\\/jewsofostrowiec.com\\\/#organization\",\"name\":\"Jews of Ostrowiec \u05d0\u05ea\u05e8 \u05d4\u05e0\u05e6\u05d7\u05ea \u05d9\u05d4\u05d5\u05d3\u05d9 \u05d0\u05d5\u05e1\u05d8\u05e8\u05d5\u05d1\u05d9\u05d9\u05e5 (\u05d0\u05d5\u05e1\u05d8\u05e8\u05d5\u05d1\u05e6\u05d4)\",\"url\":\"https:\\\/\\\/jewsofostrowiec.com\\\/\",\"logo\":{\"@type\":\"ImageObject\",\"inLanguage\":\"pl-PL\",\"@id\":\"https:\\\/\\\/jewsofostrowiec.com\\\/#\\\/schema\\\/logo\\\/image\\\/\",\"url\":\"https:\\\/\\\/jewsofostrowiec.com\\\/wp-content\\\/uploads\\\/2022\\\/10\\\/JEWS-OF-OSTROWIEC-logo.png\",\"contentUrl\":\"https:\\\/\\\/jewsofostrowiec.com\\\/wp-content\\\/uploads\\\/2022\\\/10\\\/JEWS-OF-OSTROWIEC-logo.png\",\"width\":200,\"height\":200,\"caption\":\"Jews of Ostrowiec \u05d0\u05ea\u05e8 \u05d4\u05e0\u05e6\u05d7\u05ea \u05d9\u05d4\u05d5\u05d3\u05d9 \u05d0\u05d5\u05e1\u05d8\u05e8\u05d5\u05d1\u05d9\u05d9\u05e5 (\u05d0\u05d5\u05e1\u05d8\u05e8\u05d5\u05d1\u05e6\u05d4)\"},\"image\":{\"@id\":\"https:\\\/\\\/jewsofostrowiec.com\\\/#\\\/schema\\\/logo\\\/image\\\/\"},\"sameAs\":[\"https:\\\/\\\/www.facebook.com\\\/groups\\\/267322667278742\\\/\"]}]}<\/script>\n<!-- \/ Yoast SEO plugin. -->","yoast_head_json":{"title":"Osobowo\u015bci przedwojennego Ostrowca - Jews of Ostrowiec \u05d0\u05ea\u05e8 \u05d4\u05e0\u05e6\u05d7\u05ea \u05d9\u05d4\u05d5\u05d3\u05d9 \u05d0\u05d5\u05e1\u05d8\u05e8\u05d5\u05d1\u05d9\u05d9\u05e5 (\u05d0\u05d5\u05e1\u05d8\u05e8\u05d5\u05d1\u05e6\u05d4)","robots":{"index":"index","follow":"follow","max-snippet":"max-snippet:-1","max-image-preview":"max-image-preview:large","max-video-preview":"max-video-preview:-1"},"canonical":"https:\/\/jewsofostrowiec.com\/pl\/osobowosci-przedwojennego-ostrowca\/","og_locale":"pl_PL","og_type":"article","og_title":"Osobowo\u015bci przedwojennego Ostrowca - Jews of Ostrowiec \u05d0\u05ea\u05e8 \u05d4\u05e0\u05e6\u05d7\u05ea \u05d9\u05d4\u05d5\u05d3\u05d9 \u05d0\u05d5\u05e1\u05d8\u05e8\u05d5\u05d1\u05d9\u05d9\u05e5 (\u05d0\u05d5\u05e1\u05d8\u05e8\u05d5\u05d1\u05e6\u05d4)","og_description":"Osobowo\u015bci przedwojennego Ostrowca Majer Chil Halsztok &#8211; by\u0142 ostrowieckim rabinem przez ponad 40 lat. M\u00f3wiono o nim, \u017ce \u201e\u017cy\u0142 w Ostrowcu, ale jego duch szybowa\u0142 w niebie\u201d. Halsztuk by\u0142 uzdolnionym talmudyst\u0105. Zajmowa\u0142 si\u0119 r\u00f3wnie\u017c naukami \u015bwieckimi \u2013 astronomi\u0105 i matematyk\u0105. W \u201eKsi\u0119dze pami\u0119ci\u201d zachowa\u0142 si\u0119 jego opis: \u201eWysoki, imponuj\u0105cej postury, rabin Majer Chil by\u0142 nieco [&hellip;]","og_url":"https:\/\/jewsofostrowiec.com\/pl\/osobowosci-przedwojennego-ostrowca\/","og_site_name":"Jews of Ostrowiec \u05d0\u05ea\u05e8 \u05d4\u05e0\u05e6\u05d7\u05ea \u05d9\u05d4\u05d5\u05d3\u05d9 \u05d0\u05d5\u05e1\u05d8\u05e8\u05d5\u05d1\u05d9\u05d9\u05e5 (\u05d0\u05d5\u05e1\u05d8\u05e8\u05d5\u05d1\u05e6\u05d4)","article_publisher":"https:\/\/www.facebook.com\/groups\/267322667278742\/","article_modified_time":"2019-08-12T08:09:39+00:00","og_image":[{"url":"https:\/\/jewsofostrowiec.com\/wp-content\/uploads\/2017\/12\/Ostrovster-Rabbi-259x300.jpg","type":"","width":"","height":""}],"twitter_card":"summary_large_image","twitter_misc":{"Szacowany czas czytania":"2 minuty"},"schema":{"@context":"https:\/\/schema.org","@graph":[{"@type":"WebPage","@id":"https:\/\/jewsofostrowiec.com\/pl\/osobowosci-przedwojennego-ostrowca\/","url":"https:\/\/jewsofostrowiec.com\/pl\/osobowosci-przedwojennego-ostrowca\/","name":"Osobowo\u015bci przedwojennego Ostrowca - Jews of Ostrowiec \u05d0\u05ea\u05e8 \u05d4\u05e0\u05e6\u05d7\u05ea \u05d9\u05d4\u05d5\u05d3\u05d9 \u05d0\u05d5\u05e1\u05d8\u05e8\u05d5\u05d1\u05d9\u05d9\u05e5 (\u05d0\u05d5\u05e1\u05d8\u05e8\u05d5\u05d1\u05e6\u05d4)","isPartOf":{"@id":"https:\/\/jewsofostrowiec.com\/#website"},"primaryImageOfPage":{"@id":"https:\/\/jewsofostrowiec.com\/pl\/osobowosci-przedwojennego-ostrowca\/#primaryimage"},"image":{"@id":"https:\/\/jewsofostrowiec.com\/pl\/osobowosci-przedwojennego-ostrowca\/#primaryimage"},"thumbnailUrl":"https:\/\/jewsofostrowiec.com\/wp-content\/uploads\/2017\/12\/Ostrovster-Rabbi-259x300.jpg","datePublished":"2019-08-12T07:20:20+00:00","dateModified":"2019-08-12T08:09:39+00:00","breadcrumb":{"@id":"https:\/\/jewsofostrowiec.com\/pl\/osobowosci-przedwojennego-ostrowca\/#breadcrumb"},"inLanguage":"pl-PL","potentialAction":[{"@type":"ReadAction","target":["https:\/\/jewsofostrowiec.com\/pl\/osobowosci-przedwojennego-ostrowca\/"]}]},{"@type":"ImageObject","inLanguage":"pl-PL","@id":"https:\/\/jewsofostrowiec.com\/pl\/osobowosci-przedwojennego-ostrowca\/#primaryimage","url":"https:\/\/jewsofostrowiec.com\/wp-content\/uploads\/2017\/12\/Ostrovster-Rabbi-259x300.jpg","contentUrl":"https:\/\/jewsofostrowiec.com\/wp-content\/uploads\/2017\/12\/Ostrovster-Rabbi-259x300.jpg"},{"@type":"BreadcrumbList","@id":"https:\/\/jewsofostrowiec.com\/pl\/osobowosci-przedwojennego-ostrowca\/#breadcrumb","itemListElement":[{"@type":"ListItem","position":1,"name":"Home","item":"https:\/\/jewsofostrowiec.com\/pl\/"},{"@type":"ListItem","position":2,"name":"Osobowo\u015bci przedwojennego Ostrowca"}]},{"@type":"WebSite","@id":"https:\/\/jewsofostrowiec.com\/#website","url":"https:\/\/jewsofostrowiec.com\/","name":"Jews of Ostrowiec \u05d0\u05ea\u05e8 \u05d4\u05e0\u05e6\u05d7\u05ea \u05d9\u05d4\u05d5\u05d3\u05d9 \u05d0\u05d5\u05e1\u05d8\u05e8\u05d5\u05d1\u05d9\u05d9\u05e5 (\u05d0\u05d5\u05e1\u05d8\u05e8\u05d5\u05d1\u05e6\u05d4)","description":"Memorial of the Jewish Community of Ostrowiec \u015awi\u0119tokrzyski, Poland","publisher":{"@id":"https:\/\/jewsofostrowiec.com\/#organization"},"potentialAction":[{"@type":"SearchAction","target":{"@type":"EntryPoint","urlTemplate":"https:\/\/jewsofostrowiec.com\/?s={search_term_string}"},"query-input":{"@type":"PropertyValueSpecification","valueRequired":true,"valueName":"search_term_string"}}],"inLanguage":"pl-PL"},{"@type":"Organization","@id":"https:\/\/jewsofostrowiec.com\/#organization","name":"Jews of Ostrowiec \u05d0\u05ea\u05e8 \u05d4\u05e0\u05e6\u05d7\u05ea \u05d9\u05d4\u05d5\u05d3\u05d9 \u05d0\u05d5\u05e1\u05d8\u05e8\u05d5\u05d1\u05d9\u05d9\u05e5 (\u05d0\u05d5\u05e1\u05d8\u05e8\u05d5\u05d1\u05e6\u05d4)","url":"https:\/\/jewsofostrowiec.com\/","logo":{"@type":"ImageObject","inLanguage":"pl-PL","@id":"https:\/\/jewsofostrowiec.com\/#\/schema\/logo\/image\/","url":"https:\/\/jewsofostrowiec.com\/wp-content\/uploads\/2022\/10\/JEWS-OF-OSTROWIEC-logo.png","contentUrl":"https:\/\/jewsofostrowiec.com\/wp-content\/uploads\/2022\/10\/JEWS-OF-OSTROWIEC-logo.png","width":200,"height":200,"caption":"Jews of Ostrowiec \u05d0\u05ea\u05e8 \u05d4\u05e0\u05e6\u05d7\u05ea \u05d9\u05d4\u05d5\u05d3\u05d9 \u05d0\u05d5\u05e1\u05d8\u05e8\u05d5\u05d1\u05d9\u05d9\u05e5 (\u05d0\u05d5\u05e1\u05d8\u05e8\u05d5\u05d1\u05e6\u05d4)"},"image":{"@id":"https:\/\/jewsofostrowiec.com\/#\/schema\/logo\/image\/"},"sameAs":["https:\/\/www.facebook.com\/groups\/267322667278742\/"]}]}},"_links":{"self":[{"href":"https:\/\/jewsofostrowiec.com\/pl\/wp-json\/wp\/v2\/pages\/3314","targetHints":{"allow":["GET"]}}],"collection":[{"href":"https:\/\/jewsofostrowiec.com\/pl\/wp-json\/wp\/v2\/pages"}],"about":[{"href":"https:\/\/jewsofostrowiec.com\/pl\/wp-json\/wp\/v2\/types\/page"}],"author":[{"embeddable":true,"href":"https:\/\/jewsofostrowiec.com\/pl\/wp-json\/wp\/v2\/users\/4"}],"replies":[{"embeddable":true,"href":"https:\/\/jewsofostrowiec.com\/pl\/wp-json\/wp\/v2\/comments?post=3314"}],"version-history":[{"count":5,"href":"https:\/\/jewsofostrowiec.com\/pl\/wp-json\/wp\/v2\/pages\/3314\/revisions"}],"predecessor-version":[{"id":3337,"href":"https:\/\/jewsofostrowiec.com\/pl\/wp-json\/wp\/v2\/pages\/3314\/revisions\/3337"}],"wp:attachment":[{"href":"https:\/\/jewsofostrowiec.com\/pl\/wp-json\/wp\/v2\/media?parent=3314"}],"curies":[{"name":"wp","href":"https:\/\/api.w.org\/{rel}","templated":true}]}}