{"id":3327,"date":"2019-08-12T10:53:51","date_gmt":"2019-08-12T07:53:51","guid":{"rendered":"https:\/\/jewsofostrowiec.i-visual.co.il\/?page_id=3327"},"modified":"2019-08-12T10:53:51","modified_gmt":"2019-08-12T07:53:51","slug":"sprawiedliwy-wsrod-narodow-swiata","status":"publish","type":"page","link":"https:\/\/jewsofostrowiec.com\/pl\/sprawiedliwy-wsrod-narodow-swiata\/","title":{"rendered":"Sprawiedliwy W\u015br\u00f3d Narod\u00f3w \u015awiata"},"content":{"rendered":"\n\t<h2>Sprawiedliwy W\u015br\u00f3d Narod\u00f3w \u015awiata<\/h2>\n\t<p>Najwy\u017csze izraelskie odznaczenie cywilne nadawane nie-\u017bydom, przyznawane przez Instytut Jad Waszem w Jerozolimie od 1963 r. Wyr\u00f3\u017cnienie przyznawane jest osobom i rodzinom, kt\u00f3re z nara\u017ceniem w\u0142asnego \u017cycia ratowa\u0142y \u017byd\u00f3w z Holocaustu podczas II wojny \u015bwiatowej. Na medalu widnieje pochodz\u0105cy z Talmudu napis \u201eKto ratuje jedno \u017cycie \u2013 ratuje ca\u0142y \u015bwiat\u201d.<\/p>\n\t<h3>Sprawiedliwi ostrowczanie:<\/h3>\n\t<p><strong>Ewa Lipko-Lipczy\u0144ska<\/strong> (1913-2001) Uratowa\u0142a swoj\u0105 szkoln\u0105 kole\u017cank\u0119 R\u00f3\u017c\u0119 Rosenman. Na kr\u00f3tko przed likwidacj\u0105 getta, Lipko-Lipczy\u0144ska poradzi\u0142a jej, by uciek\u0142a do aryjskiej cz\u0119\u015bci miasta i zaproponowa\u0142a jej schronienie w swoim domu. Lipko-Lipczy\u0144ska ocali\u0142a r\u00f3wnie\u017c Cyryl\u0119 Rakocz i jej dwoje dzieci. Po wojnie by\u0142a nauczycielk\u0105 j\u0119zyka polskiego w Liceum im. J. Chreptowicza w Ostrowcu. W 1969 roku Lipko-Lipczy\u0144ska zosta\u0142a zmuszona do opuszczenia Polski, wyemigrowa\u0142a w\u00f3wczas do Szwecji.<\/p>\n\t\t\t\t<img loading=\"lazy\" decoding=\"async\" src=\"https:\/\/jewsofostrowiec.com\/wp-content\/uploads\/2018\/01\/Ewa-Lipczynksa2-217x300.jpg\" alt=\"Lipko-Lipczy\u0144ska Ewelina\" itemprop=\"image\" height=\"300\" width=\"217\" title=\"Ewa Lipczynksa2\" onerror=\"this.style.display='none'\"  \/>\n\t\t\t\t<img loading=\"lazy\" decoding=\"async\" src=\"https:\/\/jewsofostrowiec.com\/wp-content\/uploads\/2018\/01\/Marian-Krycia.jpg\" alt=\"Marian Krycia\" itemprop=\"image\" height=\"1962\" width=\"1345\" title=\"Marian Krycia\" onerror=\"this.style.display='none'\"  \/>\n\t<p><strong>Marian Krycia<\/strong> (1920-1979) W 1943 r. wydosta\u0142 z ostrowieckiego getta Szlomo i Bronis\u0142aw\u0119 Rubinsztajn oraz Chanin\u0119 i Mari\u0119 Szerman (Malachi) zapewniaj\u0105c im bezpieczne przetrwanie do ko\u0144ca wojny poprzez za\u0142atwienie mieszkania-kryj\u00f3wki, aryjskie dokumenty czy schronienia w pobliskich lasach. W grudniu tego samego roku, za pomoc \u017bydom, zosta\u0142 aresztowany przez gestapo i przewieziony do Auschwitz, z kt\u00f3rego uciek\u0142 w lipcu 1944.<\/p>\n\t<p><strong>Henryk Ma\u0142kiewicz<\/strong> (ur. 1923) Od \u201ewielkiej akcji\u201d w 1942 do stycznia 1945 opiekowa\u0142 si\u0119 czw\u00f3rk\u0105 m\u0142odych \u017byd\u00f3w, przez wiele miesi\u0119cy dziel\u0105c z nimi los. Ukrywali si\u0119 w stodo\u0142ach i ziemiankach na terenie pobliskich wsi: Stoki Ma\u0142a, Krzemionki, Maksymilian\u00f3w. Uratowani: Henia i Szlama Kud\u0142owicz oraz Naftali i Jochweta Alter. Mieszka w Chmielowie.<\/p>\n<p><strong>Otylia Pracka<\/strong> (1907-?) i <strong>Mieczys\u0142aw Podgajny<\/strong> (1918-?) Po wybuchu wojny przenie\u015bli si\u0119 do Warszawy. Ich mieszkanie s\u0142u\u017cy\u0142o jako schronienie, miejsce przej\u015bciowe dla wielu \u017byd\u00f3w z Ostrowca, m. in. skorzystali z ich pomocy: Marian Kargul, Wanda Zylberdrut, Jakier i Jenta Czernikowscy z dwoma c\u00f3rkami, Henryk Leszczy\u0144ski, pani Kierblowa z c\u00f3rk\u0105, Stanis\u0142aw Hollander, Wajworc\u0142owa z c\u00f3rk\u0105.<\/p>\n","protected":false},"excerpt":{"rendered":"<p>Sprawiedliwy W\u015br\u00f3d Narod\u00f3w \u015awiata Najwy\u017csze izraelskie odznaczenie cywilne nadawane nie-\u017bydom, przyznawane przez Instytut Jad Waszem w Jerozolimie od 1963 r. Wyr\u00f3\u017cnienie przyznawane jest osobom i rodzinom, kt\u00f3re z nara\u017ceniem w\u0142asnego \u017cycia ratowa\u0142y \u017byd\u00f3w z Holocaustu podczas II wojny \u015bwiatowej. Na medalu widnieje pochodz\u0105cy z Talmudu napis \u201eKto ratuje jedno \u017cycie \u2013 ratuje ca\u0142y \u015bwiat\u201d. Sprawiedliwi [&hellip;]<\/p>\n","protected":false},"author":4,"featured_media":0,"parent":0,"menu_order":0,"comment_status":"closed","ping_status":"closed","template":"","meta":{"_monsterinsights_skip_tracking":false,"_monsterinsights_sitenote_active":false,"_monsterinsights_sitenote_note":"","_monsterinsights_sitenote_category":0,"_uf_show_specific_survey":0,"_uf_disable_surveys":false,"site-sidebar-layout":"default","site-content-layout":"","ast-site-content-layout":"default","site-content-style":"default","site-sidebar-style":"default","ast-global-header-display":"","ast-banner-title-visibility":"","ast-main-header-display":"","ast-hfb-above-header-display":"","ast-hfb-below-header-display":"","ast-hfb-mobile-header-display":"","site-post-title":"","ast-breadcrumbs-content":"","ast-featured-img":"","footer-sml-layout":"","ast-disable-related-posts":"","theme-transparent-header-meta":"","adv-header-id-meta":"","stick-header-meta":"","header-above-stick-meta":"","header-main-stick-meta":"","header-below-stick-meta":"","astra-migrate-meta-layouts":"default","ast-page-background-enabled":"default","ast-page-background-meta":{"desktop":{"background-color":"var(--ast-global-color-4)","background-image":"","background-repeat":"repeat","background-position":"center center","background-size":"auto","background-attachment":"scroll","background-type":"","background-media":"","overlay-type":"","overlay-color":"","overlay-opacity":"","overlay-gradient":""},"tablet":{"background-color":"","background-image":"","background-repeat":"repeat","background-position":"center center","background-size":"auto","background-attachment":"scroll","background-type":"","background-media":"","overlay-type":"","overlay-color":"","overlay-opacity":"","overlay-gradient":""},"mobile":{"background-color":"","background-image":"","background-repeat":"repeat","background-position":"center center","background-size":"auto","background-attachment":"scroll","background-type":"","background-media":"","overlay-type":"","overlay-color":"","overlay-opacity":"","overlay-gradient":""}},"ast-content-background-meta":{"desktop":{"background-color":"var(--ast-global-color-5)","background-image":"","background-repeat":"repeat","background-position":"center center","background-size":"auto","background-attachment":"scroll","background-type":"","background-media":"","overlay-type":"","overlay-color":"","overlay-opacity":"","overlay-gradient":""},"tablet":{"background-color":"var(--ast-global-color-5)","background-image":"","background-repeat":"repeat","background-position":"center center","background-size":"auto","background-attachment":"scroll","background-type":"","background-media":"","overlay-type":"","overlay-color":"","overlay-opacity":"","overlay-gradient":""},"mobile":{"background-color":"var(--ast-global-color-5)","background-image":"","background-repeat":"repeat","background-position":"center center","background-size":"auto","background-attachment":"scroll","background-type":"","background-media":"","overlay-type":"","overlay-color":"","overlay-opacity":"","overlay-gradient":""}},"footnotes":""},"class_list":["post-3327","page","type-page","status-publish","hentry"],"aioseo_notices":[],"yoast_head":"<!-- This site is optimized with the Yoast SEO plugin v27.4 - https:\/\/yoast.com\/product\/yoast-seo-wordpress\/ -->\n<title>Sprawiedliwy W\u015br\u00f3d Narod\u00f3w \u015awiata - Jews of Ostrowiec \u05d0\u05ea\u05e8 \u05d4\u05e0\u05e6\u05d7\u05ea \u05d9\u05d4\u05d5\u05d3\u05d9 \u05d0\u05d5\u05e1\u05d8\u05e8\u05d5\u05d1\u05d9\u05d9\u05e5 (\u05d0\u05d5\u05e1\u05d8\u05e8\u05d5\u05d1\u05e6\u05d4)<\/title>\n<meta name=\"robots\" content=\"index, follow, max-snippet:-1, max-image-preview:large, max-video-preview:-1\" \/>\n<link rel=\"canonical\" href=\"https:\/\/jewsofostrowiec.com\/pl\/sprawiedliwy-wsrod-narodow-swiata\/\" \/>\n<meta property=\"og:locale\" content=\"pl_PL\" \/>\n<meta property=\"og:type\" content=\"article\" \/>\n<meta property=\"og:title\" content=\"Sprawiedliwy W\u015br\u00f3d Narod\u00f3w \u015awiata - Jews of Ostrowiec \u05d0\u05ea\u05e8 \u05d4\u05e0\u05e6\u05d7\u05ea \u05d9\u05d4\u05d5\u05d3\u05d9 \u05d0\u05d5\u05e1\u05d8\u05e8\u05d5\u05d1\u05d9\u05d9\u05e5 (\u05d0\u05d5\u05e1\u05d8\u05e8\u05d5\u05d1\u05e6\u05d4)\" \/>\n<meta property=\"og:description\" content=\"Sprawiedliwy W\u015br\u00f3d Narod\u00f3w \u015awiata Najwy\u017csze izraelskie odznaczenie cywilne nadawane nie-\u017bydom, przyznawane przez Instytut Jad Waszem w Jerozolimie od 1963 r. Wyr\u00f3\u017cnienie przyznawane jest osobom i rodzinom, kt\u00f3re z nara\u017ceniem w\u0142asnego \u017cycia ratowa\u0142y \u017byd\u00f3w z Holocaustu podczas II wojny \u015bwiatowej. Na medalu widnieje pochodz\u0105cy z Talmudu napis \u201eKto ratuje jedno \u017cycie \u2013 ratuje ca\u0142y \u015bwiat\u201d. Sprawiedliwi [&hellip;]\" \/>\n<meta property=\"og:url\" content=\"https:\/\/jewsofostrowiec.com\/pl\/sprawiedliwy-wsrod-narodow-swiata\/\" \/>\n<meta property=\"og:site_name\" content=\"Jews of Ostrowiec \u05d0\u05ea\u05e8 \u05d4\u05e0\u05e6\u05d7\u05ea \u05d9\u05d4\u05d5\u05d3\u05d9 \u05d0\u05d5\u05e1\u05d8\u05e8\u05d5\u05d1\u05d9\u05d9\u05e5 (\u05d0\u05d5\u05e1\u05d8\u05e8\u05d5\u05d1\u05e6\u05d4)\" \/>\n<meta property=\"article:publisher\" content=\"https:\/\/www.facebook.com\/groups\/267322667278742\/\" \/>\n<meta property=\"og:image\" content=\"https:\/\/jewsofostrowiec.com\/wp-content\/uploads\/2018\/01\/Ewa-Lipczynksa2-217x300.jpg\" \/>\n<meta name=\"twitter:card\" content=\"summary_large_image\" \/>\n<meta name=\"twitter:label1\" content=\"Szacowany czas czytania\" \/>\n\t<meta name=\"twitter:data1\" content=\"2 minuty\" \/>\n<script type=\"application\/ld+json\" class=\"yoast-schema-graph\">{\"@context\":\"https:\\\/\\\/schema.org\",\"@graph\":[{\"@type\":\"WebPage\",\"@id\":\"https:\\\/\\\/jewsofostrowiec.com\\\/pl\\\/sprawiedliwy-wsrod-narodow-swiata\\\/\",\"url\":\"https:\\\/\\\/jewsofostrowiec.com\\\/pl\\\/sprawiedliwy-wsrod-narodow-swiata\\\/\",\"name\":\"Sprawiedliwy W\u015br\u00f3d Narod\u00f3w \u015awiata - Jews of Ostrowiec \u05d0\u05ea\u05e8 \u05d4\u05e0\u05e6\u05d7\u05ea \u05d9\u05d4\u05d5\u05d3\u05d9 \u05d0\u05d5\u05e1\u05d8\u05e8\u05d5\u05d1\u05d9\u05d9\u05e5 (\u05d0\u05d5\u05e1\u05d8\u05e8\u05d5\u05d1\u05e6\u05d4)\",\"isPartOf\":{\"@id\":\"https:\\\/\\\/jewsofostrowiec.com\\\/#website\"},\"primaryImageOfPage\":{\"@id\":\"https:\\\/\\\/jewsofostrowiec.com\\\/pl\\\/sprawiedliwy-wsrod-narodow-swiata\\\/#primaryimage\"},\"image\":{\"@id\":\"https:\\\/\\\/jewsofostrowiec.com\\\/pl\\\/sprawiedliwy-wsrod-narodow-swiata\\\/#primaryimage\"},\"thumbnailUrl\":\"https:\\\/\\\/jewsofostrowiec.com\\\/wp-content\\\/uploads\\\/2018\\\/01\\\/Ewa-Lipczynksa2-217x300.jpg\",\"datePublished\":\"2019-08-12T07:53:51+00:00\",\"breadcrumb\":{\"@id\":\"https:\\\/\\\/jewsofostrowiec.com\\\/pl\\\/sprawiedliwy-wsrod-narodow-swiata\\\/#breadcrumb\"},\"inLanguage\":\"pl-PL\",\"potentialAction\":[{\"@type\":\"ReadAction\",\"target\":[\"https:\\\/\\\/jewsofostrowiec.com\\\/pl\\\/sprawiedliwy-wsrod-narodow-swiata\\\/\"]}]},{\"@type\":\"ImageObject\",\"inLanguage\":\"pl-PL\",\"@id\":\"https:\\\/\\\/jewsofostrowiec.com\\\/pl\\\/sprawiedliwy-wsrod-narodow-swiata\\\/#primaryimage\",\"url\":\"https:\\\/\\\/jewsofostrowiec.com\\\/wp-content\\\/uploads\\\/2018\\\/01\\\/Ewa-Lipczynksa2-217x300.jpg\",\"contentUrl\":\"https:\\\/\\\/jewsofostrowiec.com\\\/wp-content\\\/uploads\\\/2018\\\/01\\\/Ewa-Lipczynksa2-217x300.jpg\"},{\"@type\":\"BreadcrumbList\",\"@id\":\"https:\\\/\\\/jewsofostrowiec.com\\\/pl\\\/sprawiedliwy-wsrod-narodow-swiata\\\/#breadcrumb\",\"itemListElement\":[{\"@type\":\"ListItem\",\"position\":1,\"name\":\"Home\",\"item\":\"https:\\\/\\\/jewsofostrowiec.com\\\/pl\\\/\"},{\"@type\":\"ListItem\",\"position\":2,\"name\":\"Sprawiedliwy W\u015br\u00f3d Narod\u00f3w \u015awiata\"}]},{\"@type\":\"WebSite\",\"@id\":\"https:\\\/\\\/jewsofostrowiec.com\\\/#website\",\"url\":\"https:\\\/\\\/jewsofostrowiec.com\\\/\",\"name\":\"Jews of Ostrowiec \u05d0\u05ea\u05e8 \u05d4\u05e0\u05e6\u05d7\u05ea \u05d9\u05d4\u05d5\u05d3\u05d9 \u05d0\u05d5\u05e1\u05d8\u05e8\u05d5\u05d1\u05d9\u05d9\u05e5 (\u05d0\u05d5\u05e1\u05d8\u05e8\u05d5\u05d1\u05e6\u05d4)\",\"description\":\"Memorial of the Jewish Community of Ostrowiec \u015awi\u0119tokrzyski, Poland\",\"publisher\":{\"@id\":\"https:\\\/\\\/jewsofostrowiec.com\\\/#organization\"},\"potentialAction\":[{\"@type\":\"SearchAction\",\"target\":{\"@type\":\"EntryPoint\",\"urlTemplate\":\"https:\\\/\\\/jewsofostrowiec.com\\\/?s={search_term_string}\"},\"query-input\":{\"@type\":\"PropertyValueSpecification\",\"valueRequired\":true,\"valueName\":\"search_term_string\"}}],\"inLanguage\":\"pl-PL\"},{\"@type\":\"Organization\",\"@id\":\"https:\\\/\\\/jewsofostrowiec.com\\\/#organization\",\"name\":\"Jews of Ostrowiec \u05d0\u05ea\u05e8 \u05d4\u05e0\u05e6\u05d7\u05ea \u05d9\u05d4\u05d5\u05d3\u05d9 \u05d0\u05d5\u05e1\u05d8\u05e8\u05d5\u05d1\u05d9\u05d9\u05e5 (\u05d0\u05d5\u05e1\u05d8\u05e8\u05d5\u05d1\u05e6\u05d4)\",\"url\":\"https:\\\/\\\/jewsofostrowiec.com\\\/\",\"logo\":{\"@type\":\"ImageObject\",\"inLanguage\":\"pl-PL\",\"@id\":\"https:\\\/\\\/jewsofostrowiec.com\\\/#\\\/schema\\\/logo\\\/image\\\/\",\"url\":\"https:\\\/\\\/jewsofostrowiec.com\\\/wp-content\\\/uploads\\\/2022\\\/10\\\/JEWS-OF-OSTROWIEC-logo.png\",\"contentUrl\":\"https:\\\/\\\/jewsofostrowiec.com\\\/wp-content\\\/uploads\\\/2022\\\/10\\\/JEWS-OF-OSTROWIEC-logo.png\",\"width\":200,\"height\":200,\"caption\":\"Jews of Ostrowiec \u05d0\u05ea\u05e8 \u05d4\u05e0\u05e6\u05d7\u05ea \u05d9\u05d4\u05d5\u05d3\u05d9 \u05d0\u05d5\u05e1\u05d8\u05e8\u05d5\u05d1\u05d9\u05d9\u05e5 (\u05d0\u05d5\u05e1\u05d8\u05e8\u05d5\u05d1\u05e6\u05d4)\"},\"image\":{\"@id\":\"https:\\\/\\\/jewsofostrowiec.com\\\/#\\\/schema\\\/logo\\\/image\\\/\"},\"sameAs\":[\"https:\\\/\\\/www.facebook.com\\\/groups\\\/267322667278742\\\/\"]}]}<\/script>\n<!-- \/ Yoast SEO plugin. -->","yoast_head_json":{"title":"Sprawiedliwy W\u015br\u00f3d Narod\u00f3w \u015awiata - Jews of Ostrowiec \u05d0\u05ea\u05e8 \u05d4\u05e0\u05e6\u05d7\u05ea \u05d9\u05d4\u05d5\u05d3\u05d9 \u05d0\u05d5\u05e1\u05d8\u05e8\u05d5\u05d1\u05d9\u05d9\u05e5 (\u05d0\u05d5\u05e1\u05d8\u05e8\u05d5\u05d1\u05e6\u05d4)","robots":{"index":"index","follow":"follow","max-snippet":"max-snippet:-1","max-image-preview":"max-image-preview:large","max-video-preview":"max-video-preview:-1"},"canonical":"https:\/\/jewsofostrowiec.com\/pl\/sprawiedliwy-wsrod-narodow-swiata\/","og_locale":"pl_PL","og_type":"article","og_title":"Sprawiedliwy W\u015br\u00f3d Narod\u00f3w \u015awiata - Jews of Ostrowiec \u05d0\u05ea\u05e8 \u05d4\u05e0\u05e6\u05d7\u05ea \u05d9\u05d4\u05d5\u05d3\u05d9 \u05d0\u05d5\u05e1\u05d8\u05e8\u05d5\u05d1\u05d9\u05d9\u05e5 (\u05d0\u05d5\u05e1\u05d8\u05e8\u05d5\u05d1\u05e6\u05d4)","og_description":"Sprawiedliwy W\u015br\u00f3d Narod\u00f3w \u015awiata Najwy\u017csze izraelskie odznaczenie cywilne nadawane nie-\u017bydom, przyznawane przez Instytut Jad Waszem w Jerozolimie od 1963 r. Wyr\u00f3\u017cnienie przyznawane jest osobom i rodzinom, kt\u00f3re z nara\u017ceniem w\u0142asnego \u017cycia ratowa\u0142y \u017byd\u00f3w z Holocaustu podczas II wojny \u015bwiatowej. Na medalu widnieje pochodz\u0105cy z Talmudu napis \u201eKto ratuje jedno \u017cycie \u2013 ratuje ca\u0142y \u015bwiat\u201d. Sprawiedliwi [&hellip;]","og_url":"https:\/\/jewsofostrowiec.com\/pl\/sprawiedliwy-wsrod-narodow-swiata\/","og_site_name":"Jews of Ostrowiec \u05d0\u05ea\u05e8 \u05d4\u05e0\u05e6\u05d7\u05ea \u05d9\u05d4\u05d5\u05d3\u05d9 \u05d0\u05d5\u05e1\u05d8\u05e8\u05d5\u05d1\u05d9\u05d9\u05e5 (\u05d0\u05d5\u05e1\u05d8\u05e8\u05d5\u05d1\u05e6\u05d4)","article_publisher":"https:\/\/www.facebook.com\/groups\/267322667278742\/","og_image":[{"url":"https:\/\/jewsofostrowiec.com\/wp-content\/uploads\/2018\/01\/Ewa-Lipczynksa2-217x300.jpg","type":"","width":"","height":""}],"twitter_card":"summary_large_image","twitter_misc":{"Szacowany czas czytania":"2 minuty"},"schema":{"@context":"https:\/\/schema.org","@graph":[{"@type":"WebPage","@id":"https:\/\/jewsofostrowiec.com\/pl\/sprawiedliwy-wsrod-narodow-swiata\/","url":"https:\/\/jewsofostrowiec.com\/pl\/sprawiedliwy-wsrod-narodow-swiata\/","name":"Sprawiedliwy W\u015br\u00f3d Narod\u00f3w \u015awiata - Jews of Ostrowiec \u05d0\u05ea\u05e8 \u05d4\u05e0\u05e6\u05d7\u05ea \u05d9\u05d4\u05d5\u05d3\u05d9 \u05d0\u05d5\u05e1\u05d8\u05e8\u05d5\u05d1\u05d9\u05d9\u05e5 (\u05d0\u05d5\u05e1\u05d8\u05e8\u05d5\u05d1\u05e6\u05d4)","isPartOf":{"@id":"https:\/\/jewsofostrowiec.com\/#website"},"primaryImageOfPage":{"@id":"https:\/\/jewsofostrowiec.com\/pl\/sprawiedliwy-wsrod-narodow-swiata\/#primaryimage"},"image":{"@id":"https:\/\/jewsofostrowiec.com\/pl\/sprawiedliwy-wsrod-narodow-swiata\/#primaryimage"},"thumbnailUrl":"https:\/\/jewsofostrowiec.com\/wp-content\/uploads\/2018\/01\/Ewa-Lipczynksa2-217x300.jpg","datePublished":"2019-08-12T07:53:51+00:00","breadcrumb":{"@id":"https:\/\/jewsofostrowiec.com\/pl\/sprawiedliwy-wsrod-narodow-swiata\/#breadcrumb"},"inLanguage":"pl-PL","potentialAction":[{"@type":"ReadAction","target":["https:\/\/jewsofostrowiec.com\/pl\/sprawiedliwy-wsrod-narodow-swiata\/"]}]},{"@type":"ImageObject","inLanguage":"pl-PL","@id":"https:\/\/jewsofostrowiec.com\/pl\/sprawiedliwy-wsrod-narodow-swiata\/#primaryimage","url":"https:\/\/jewsofostrowiec.com\/wp-content\/uploads\/2018\/01\/Ewa-Lipczynksa2-217x300.jpg","contentUrl":"https:\/\/jewsofostrowiec.com\/wp-content\/uploads\/2018\/01\/Ewa-Lipczynksa2-217x300.jpg"},{"@type":"BreadcrumbList","@id":"https:\/\/jewsofostrowiec.com\/pl\/sprawiedliwy-wsrod-narodow-swiata\/#breadcrumb","itemListElement":[{"@type":"ListItem","position":1,"name":"Home","item":"https:\/\/jewsofostrowiec.com\/pl\/"},{"@type":"ListItem","position":2,"name":"Sprawiedliwy W\u015br\u00f3d Narod\u00f3w \u015awiata"}]},{"@type":"WebSite","@id":"https:\/\/jewsofostrowiec.com\/#website","url":"https:\/\/jewsofostrowiec.com\/","name":"Jews of Ostrowiec \u05d0\u05ea\u05e8 \u05d4\u05e0\u05e6\u05d7\u05ea \u05d9\u05d4\u05d5\u05d3\u05d9 \u05d0\u05d5\u05e1\u05d8\u05e8\u05d5\u05d1\u05d9\u05d9\u05e5 (\u05d0\u05d5\u05e1\u05d8\u05e8\u05d5\u05d1\u05e6\u05d4)","description":"Memorial of the Jewish Community of Ostrowiec \u015awi\u0119tokrzyski, Poland","publisher":{"@id":"https:\/\/jewsofostrowiec.com\/#organization"},"potentialAction":[{"@type":"SearchAction","target":{"@type":"EntryPoint","urlTemplate":"https:\/\/jewsofostrowiec.com\/?s={search_term_string}"},"query-input":{"@type":"PropertyValueSpecification","valueRequired":true,"valueName":"search_term_string"}}],"inLanguage":"pl-PL"},{"@type":"Organization","@id":"https:\/\/jewsofostrowiec.com\/#organization","name":"Jews of Ostrowiec \u05d0\u05ea\u05e8 \u05d4\u05e0\u05e6\u05d7\u05ea \u05d9\u05d4\u05d5\u05d3\u05d9 \u05d0\u05d5\u05e1\u05d8\u05e8\u05d5\u05d1\u05d9\u05d9\u05e5 (\u05d0\u05d5\u05e1\u05d8\u05e8\u05d5\u05d1\u05e6\u05d4)","url":"https:\/\/jewsofostrowiec.com\/","logo":{"@type":"ImageObject","inLanguage":"pl-PL","@id":"https:\/\/jewsofostrowiec.com\/#\/schema\/logo\/image\/","url":"https:\/\/jewsofostrowiec.com\/wp-content\/uploads\/2022\/10\/JEWS-OF-OSTROWIEC-logo.png","contentUrl":"https:\/\/jewsofostrowiec.com\/wp-content\/uploads\/2022\/10\/JEWS-OF-OSTROWIEC-logo.png","width":200,"height":200,"caption":"Jews of Ostrowiec \u05d0\u05ea\u05e8 \u05d4\u05e0\u05e6\u05d7\u05ea \u05d9\u05d4\u05d5\u05d3\u05d9 \u05d0\u05d5\u05e1\u05d8\u05e8\u05d5\u05d1\u05d9\u05d9\u05e5 (\u05d0\u05d5\u05e1\u05d8\u05e8\u05d5\u05d1\u05e6\u05d4)"},"image":{"@id":"https:\/\/jewsofostrowiec.com\/#\/schema\/logo\/image\/"},"sameAs":["https:\/\/www.facebook.com\/groups\/267322667278742\/"]}]}},"_links":{"self":[{"href":"https:\/\/jewsofostrowiec.com\/pl\/wp-json\/wp\/v2\/pages\/3327","targetHints":{"allow":["GET"]}}],"collection":[{"href":"https:\/\/jewsofostrowiec.com\/pl\/wp-json\/wp\/v2\/pages"}],"about":[{"href":"https:\/\/jewsofostrowiec.com\/pl\/wp-json\/wp\/v2\/types\/page"}],"author":[{"embeddable":true,"href":"https:\/\/jewsofostrowiec.com\/pl\/wp-json\/wp\/v2\/users\/4"}],"replies":[{"embeddable":true,"href":"https:\/\/jewsofostrowiec.com\/pl\/wp-json\/wp\/v2\/comments?post=3327"}],"version-history":[{"count":2,"href":"https:\/\/jewsofostrowiec.com\/pl\/wp-json\/wp\/v2\/pages\/3327\/revisions"}],"predecessor-version":[{"id":3330,"href":"https:\/\/jewsofostrowiec.com\/pl\/wp-json\/wp\/v2\/pages\/3327\/revisions\/3330"}],"wp:attachment":[{"href":"https:\/\/jewsofostrowiec.com\/pl\/wp-json\/wp\/v2\/media?parent=3327"}],"curies":[{"name":"wp","href":"https:\/\/api.w.org\/{rel}","templated":true}]}}