{"id":7185,"date":"2019-09-18T15:02:36","date_gmt":"2019-09-18T12:02:36","guid":{"rendered":"https:\/\/jewsofostrowiec.i-visual.co.il\/noteworthy-brazilian-ostrowiec-descendants\/"},"modified":"2024-05-30T17:54:22","modified_gmt":"2024-05-30T14:54:22","slug":"os-notaveis-descendentes-brasileiros-de-ostrowiec","status":"publish","type":"page","link":"https:\/\/jewsofostrowiec.com\/pt-br\/os-notaveis-descendentes-brasileiros-de-ostrowiec\/","title":{"rendered":"OS NOT\u00c1VEIS DESCENDENTES BRASILEIROS DE OSTROWIEC"},"content":{"rendered":"\n\n\t\t\t\t<img loading=\"lazy\" decoding=\"async\" src=\"https:\/\/jewsofostrowiec.com\/wp-content\/uploads\/2017\/12\/Brazil-150x150.png\" alt=\"Brazil\" itemprop=\"image\" height=\"150\" width=\"150\" title=\"Brazil\" onerror=\"this.style.display='none'\"  \/>\n\t\t<h2>Os not\u00e1veis descendentes brasileiros de Ostrowiec<\/h2>\t\n<p>Fonte:\u00a0De Shtetl aos Tr\u00f3picos: A Contribui\u00e7\u00e3o Relevante da Imigra\u00e7\u00e3o Judaica Polonesa para o Brasil\u00a0por\u00a0<a href=\"https:\/\/web.archive.org\/web\/20210511000246\/https:\/\/jewsofostrowiec.com\/israel-blajberg\/\">Israel Blajberg<\/a><\/p>\nN\u00e3o h\u00e1 dados completos para definir com precis\u00e3o o n\u00famero de judeus que emigraram da Pol\u00f4nia para o Brasil. As estimativas s\u00e3o de que em 1938 havia quase 20.000 judeus poloneses, a maioria dos quais divididos entre o Rio e S\u00e3o Paulo. Muitos desses judeus vieram ou eram descendentes de Ostrowiec.<br \/>\nAlguns destacados\u00a0residentes e descendentes de Ostrowiec emigraram \/ moram no Brasil s\u00e3o:\n\t\t\t\t<img loading=\"lazy\" decoding=\"async\" src=\"https:\/\/jewsofostrowiec.com\/wp-content\/uploads\/2019\/09\/Minc3.jpg\" alt=\"Minc3\" itemprop=\"image\" height=\"1143\" width=\"1600\" title=\"Minc3\" onerror=\"this.style.display='none'\"  \/>\n\t\t\t\t<img loading=\"lazy\" decoding=\"async\" src=\"https:\/\/jewsofostrowiec.com\/wp-content\/uploads\/2022\/05\/Moyses_Baumstein_office-scaled.jpg\" alt=\"Moys\u00e9s na sua sala na VIDECOM\" itemprop=\"image\" height=\"2008\" width=\"2560\" title=\"Moys\u00e9s na sua sala na VIDECOM\" onerror=\"this.style.display='none'\"  \/>\n\t<p><strong><em>Carlos Minc Baumfeld\u00a0<\/em><\/strong>&#8211; ex-ministro do Meio Ambiente.\u00a0Minc\u00a0\u00e9 neto de\u00a0Isidoro\u00a0Baumfeld\u00a0, de Ostrowiec.\u00a0Ele costuma assinar suas manifesta\u00e7\u00f5es com\u00a0<em>&#8220;Sauda\u00e7\u00f5es Eco-Socialistas e Libert\u00e1rias&#8221;,\u00a0<\/em>orgulhoso de seu papel no Minist\u00e9rio do Meio Ambiente no combate ao desmatamento na Amaz\u00f4nia.\u00a0Atualmente, \u00e9 representante do estado do Rio de Janeiro.\u00a0Como membro do Partido Verde, ele nunca perdeu uma elei\u00e7\u00e3o.<\/p>\n\t<p><a href=\"https:\/\/jewsofostrowiec.com\/abraham-baumstein\/\"><strong><em>Moys\u00e9s Baumstein<\/em><\/strong><\/a><strong><em>\u00a0(1931~1991)\u00a0\u00a0<\/em><\/strong>Moys\u00e9s Baumstein, de S\u00e3o Paulo, filho de Ezechiel e neto de Abraham Baumstein, de Ostrowiecz, foi um economista e soci\u00f3logo com uma atua\u00e7\u00e3o importante em outras esferas: no ramo editorial (editoras Perspectiva e S\u00edmbolo), nas artes pl\u00e1sticas (participando de Bienais), no cinema em Super 8 e no v\u00eddeo. Mas teve maior destaque na holografia, como um dos mais importantes criadores e realizadores neste campo no Brasil.<\/p>\n\t\t\t\t<img loading=\"lazy\" decoding=\"async\" src=\"https:\/\/jewsofostrowiec.com\/wp-content\/uploads\/2019\/09\/Geiger.jpg\" alt=\"Geiger\" itemprop=\"image\" height=\"473\" width=\"333\" title=\"Geiger\" onerror=\"this.style.display='none'\"  \/>\n\t<p><a href=\"https:\/\/web.archive.org\/web\/20210511000246\/https:\/\/jewsofostrowiec.com\/?lang=pt-br\/anna-bella-geiger\/\"><strong><em>Anna Bella Geiger\u00a0<\/em><\/strong><\/a>&#8211; Escultora, pintora, gravadora, desenhista, artista intermedi\u00e1ria e professora.\u00a0Seus pais moravam em Ostrowiec.\u00a0Aos 84 anos, ela \u00e9 uma das artistas brasileiras mais reconhecidas no mundo.\u00a0Em abril de 2017, a\u00a0Funda\u00e7\u00e3o\u00a0Razem\u00a0Pamoja\u00a0de Crac\u00f3via organizou a primeira exposi\u00e7\u00e3o de Anna Bella Geiger na Pol\u00f4nia.\u00a0Seu pai era um artes\u00e3o de bolsas para mulheres.\u00a0Ela ainda\u00a0tem\u00a0algumas sacolas, representadas na exposi\u00e7\u00e3o de Crac\u00f3via.<\/p>\n\t\t\t\t<img loading=\"lazy\" decoding=\"async\" src=\"https:\/\/jewsofostrowiec.com\/wp-content\/uploads\/2019\/09\/Goldberg.jpg\" alt=\"Goldberg\" itemprop=\"image\" height=\"600\" width=\"1021\" title=\"Goldberg\" onerror=\"this.style.display='none'\"  \/>\n\t<p><strong><em>Jacob Pinheiro Goldberg<\/em><\/strong>&#8211; , renomado psic\u00f3logo e advogado, nascido em 1933 em Juiz de Fora &#8211; MG. Na poesia de Goldberg, as experi\u00eancias pessoais d\u00e3o lugar \u00e0 curiosidade pela terra de seus ancestrais. Ostrowiec \u00e0s vezes aparece como uma cidade m\u00e1gica. Jacob publicou o livro bil\u00edngue The Magic of Exile \/ Magic wygnania.Jacob escreveu em portugu\u00eas e foi traduzido para o polon\u00eas pelo Prof. Henryk Siewierski, da Universidade de Bras\u00edlia.<\/p>\n\t\t\t\t<img loading=\"lazy\" decoding=\"async\" src=\"https:\/\/jewsofostrowiec.com\/wp-content\/uploads\/2019\/09\/Niskier-217x300.jpg\" alt=\"Niskier\" itemprop=\"image\" height=\"300\" width=\"217\" title=\"Niskier\" onerror=\"this.style.display='none'\"  \/>\n\t<p><em><strong>Arnaldo Niskier<\/strong><\/em>\u00a0&#8211; ex-presidente da prestigiada Academia Brasileira de Literatura, onde ocupa a cadeira n\u00ba 18, os chamados &#8220;Imortais&#8221;.\u00a0Seu pai,\u00a0Mordko\u00a0Majer\u00a0Niskier,\u00a0emigrou de Ostrowiec na d\u00e9cada de 1920.\u00a0Arnaldo foi Secret\u00e1rio de Educa\u00e7\u00e3o do Estado do Rio de Janeiro\u00a0e tamb\u00e9m\u00a0o primeiro Secret\u00e1rio de Ci\u00eancia e Tecnologia tamb\u00e9m do Estado do Rio de Janeiro.<\/p>\n\t\t\t\t<img loading=\"lazy\" decoding=\"async\" src=\"https:\/\/jewsofostrowiec.com\/wp-content\/uploads\/2019\/09\/Ostrowiecki.png\" alt=\"Ostrowiecki\" itemprop=\"image\" height=\"356\" width=\"746\" title=\"Ostrowiecki\" onerror=\"this.style.display='none'\"  \/>\n\t<p><strong><em>Israel Menachim Ostrowiecki-<\/em><\/strong>\u00a0Fundador\u00a0da\u00a0Multilaser\u00a0.\u00a0Seus pais\u00a0Sabja\u00a0e Rachele emigraram de Ostrowiec para o Brasil.\u00a0Ap\u00f3s um acidente de mergulho, o filho de Israel,\u00a0Alexander, assumiu o comando da empresa, transformando-a\u00a0em\u00a0uma\u00a0empresa eletr\u00f4nica de bilh\u00f5es de d\u00f3lares.<strong><em>\u00a0<\/em><\/strong><\/p>\n\t\t\t\t<img loading=\"lazy\" decoding=\"async\" src=\"https:\/\/jewsofostrowiec.com\/wp-content\/uploads\/2019\/09\/Wagner-2.jpg\" alt=\"Wagner 2\" itemprop=\"image\" height=\"288\" width=\"469\" title=\"Wagner 2\" onerror=\"this.style.display='none'\"  \/>\n\t<p><strong><em>Jaques<\/em><\/strong>\u00a0<strong><em>Wagner\u00a0<\/em><\/strong>&#8211; Pol\u00edtico, foi Deputado Federal e Ministro da Defesa.\u00a0Seu pai deixou Ostrowiec pouco antes da invas\u00e3o da Pol\u00f4nia, obtendo apenas um visto para Trinidad e Tobago, onde passou a guerra internada.<\/p>\n\t<p>Fonte:\u00a0<i>De Shtetl aos Tr\u00f3picos: A Contribui\u00e7\u00e3o Relevante da Imigra\u00e7\u00e3o Judaica Polonesa para o Brasil,\u00a0<\/i>por\u00a0<a href=\"https:\/\/jewsofostrowiec.com\/israel-blajberg\/\" target=\"_blank\" rel=\"noopener\" data-saferedirecturl=\"https:\/\/www.google.com\/url?q=https:\/\/jewsofostrowiec.com\/israel-blajberg\/&amp;source=gmail&amp;ust=1654055592854000&amp;usg=AOvVaw24_7BYicteT0m2dcFHC30Q\">Israel Blajberg<\/a>,\u00a0com\u00a0cr\u00e9dito a Alberto Baumstein pelas informa\u00e7\u00f5es adicionais nesta p\u00e1gina.<\/p>\n\n","protected":false},"excerpt":{"rendered":"<p>Os not\u00e1veis descendentes brasileiros de Ostrowiec Fonte:\u00a0De Shtetl aos Tr\u00f3picos: A Contribui\u00e7\u00e3o Relevante da Imigra\u00e7\u00e3o Judaica Polonesa para o Brasil\u00a0por\u00a0Israel Blajberg N\u00e3o h\u00e1 dados completos para definir com precis\u00e3o o n\u00famero de judeus que emigraram da Pol\u00f4nia para o Brasil. As estimativas s\u00e3o de que em 1938 havia quase 20.000 judeus poloneses, a maioria dos [&hellip;]<\/p>\n","protected":false},"author":7,"featured_media":0,"parent":0,"menu_order":0,"comment_status":"closed","ping_status":"closed","template":"","meta":{"_monsterinsights_skip_tracking":false,"_monsterinsights_sitenote_active":false,"_monsterinsights_sitenote_note":"","_monsterinsights_sitenote_category":0,"_uf_show_specific_survey":0,"_uf_disable_surveys":false,"site-sidebar-layout":"default","site-content-layout":"default","ast-site-content-layout":"default","site-content-style":"default","site-sidebar-style":"default","ast-global-header-display":"","ast-banner-title-visibility":"","ast-main-header-display":"","ast-hfb-above-header-display":"","ast-hfb-below-header-display":"","ast-hfb-mobile-header-display":"","site-post-title":"","ast-breadcrumbs-content":"","ast-featured-img":"","footer-sml-layout":"","ast-disable-related-posts":"","theme-transparent-header-meta":"default","adv-header-id-meta":"","stick-header-meta":"","header-above-stick-meta":"","header-main-stick-meta":"","header-below-stick-meta":"","astra-migrate-meta-layouts":"default","ast-page-background-enabled":"default","ast-page-background-meta":{"desktop":{"background-color":"var(--ast-global-color-4)","background-image":"","background-repeat":"repeat","background-position":"center center","background-size":"auto","background-attachment":"scroll","background-type":"","background-media":"","overlay-type":"","overlay-color":"","overlay-opacity":"","overlay-gradient":""},"tablet":{"background-color":"","background-image":"","background-repeat":"repeat","background-position":"center center","background-size":"auto","background-attachment":"scroll","background-type":"","background-media":"","overlay-type":"","overlay-color":"","overlay-opacity":"","overlay-gradient":""},"mobile":{"background-color":"","background-image":"","background-repeat":"repeat","background-position":"center center","background-size":"auto","background-attachment":"scroll","background-type":"","background-media":"","overlay-type":"","overlay-color":"","overlay-opacity":"","overlay-gradient":""}},"ast-content-background-meta":{"desktop":{"background-color":"var(--ast-global-color-5)","background-image":"","background-repeat":"repeat","background-position":"center center","background-size":"auto","background-attachment":"scroll","background-type":"","background-media":"","overlay-type":"","overlay-color":"","overlay-opacity":"","overlay-gradient":""},"tablet":{"background-color":"var(--ast-global-color-5)","background-image":"","background-repeat":"repeat","background-position":"center center","background-size":"auto","background-attachment":"scroll","background-type":"","background-media":"","overlay-type":"","overlay-color":"","overlay-opacity":"","overlay-gradient":""},"mobile":{"background-color":"var(--ast-global-color-5)","background-image":"","background-repeat":"repeat","background-position":"center center","background-size":"auto","background-attachment":"scroll","background-type":"","background-media":"","overlay-type":"","overlay-color":"","overlay-opacity":"","overlay-gradient":""}},"footnotes":""},"class_list":["post-7185","page","type-page","status-publish","hentry"],"aioseo_notices":[],"yoast_head":"<!-- This site is optimized with the Yoast SEO plugin v27.4 - https:\/\/yoast.com\/product\/yoast-seo-wordpress\/ -->\n<title>OS NOT\u00c1VEIS DESCENDENTES BRASILEIROS DE OSTROWIEC - Jews of Ostrowiec \u05d0\u05ea\u05e8 \u05d4\u05e0\u05e6\u05d7\u05ea \u05d9\u05d4\u05d5\u05d3\u05d9 \u05d0\u05d5\u05e1\u05d8\u05e8\u05d5\u05d1\u05d9\u05d9\u05e5 (\u05d0\u05d5\u05e1\u05d8\u05e8\u05d5\u05d1\u05e6\u05d4)<\/title>\n<meta name=\"robots\" content=\"index, follow, max-snippet:-1, max-image-preview:large, max-video-preview:-1\" \/>\n<link rel=\"canonical\" href=\"https:\/\/jewsofostrowiec.com\/pt-br\/os-notaveis-descendentes-brasileiros-de-ostrowiec\/\" \/>\n<meta property=\"og:locale\" content=\"pt_BR\" \/>\n<meta property=\"og:type\" content=\"article\" \/>\n<meta property=\"og:title\" content=\"OS NOT\u00c1VEIS DESCENDENTES BRASILEIROS DE OSTROWIEC - Jews of Ostrowiec \u05d0\u05ea\u05e8 \u05d4\u05e0\u05e6\u05d7\u05ea \u05d9\u05d4\u05d5\u05d3\u05d9 \u05d0\u05d5\u05e1\u05d8\u05e8\u05d5\u05d1\u05d9\u05d9\u05e5 (\u05d0\u05d5\u05e1\u05d8\u05e8\u05d5\u05d1\u05e6\u05d4)\" \/>\n<meta property=\"og:description\" content=\"Os not\u00e1veis descendentes brasileiros de Ostrowiec Fonte:\u00a0De Shtetl aos Tr\u00f3picos: A Contribui\u00e7\u00e3o Relevante da Imigra\u00e7\u00e3o Judaica Polonesa para o Brasil\u00a0por\u00a0Israel Blajberg N\u00e3o h\u00e1 dados completos para definir com precis\u00e3o o n\u00famero de judeus que emigraram da Pol\u00f4nia para o Brasil. As estimativas s\u00e3o de que em 1938 havia quase 20.000 judeus poloneses, a maioria dos [&hellip;]\" \/>\n<meta property=\"og:url\" content=\"https:\/\/jewsofostrowiec.com\/pt-br\/os-notaveis-descendentes-brasileiros-de-ostrowiec\/\" \/>\n<meta property=\"og:site_name\" content=\"Jews of Ostrowiec \u05d0\u05ea\u05e8 \u05d4\u05e0\u05e6\u05d7\u05ea \u05d9\u05d4\u05d5\u05d3\u05d9 \u05d0\u05d5\u05e1\u05d8\u05e8\u05d5\u05d1\u05d9\u05d9\u05e5 (\u05d0\u05d5\u05e1\u05d8\u05e8\u05d5\u05d1\u05e6\u05d4)\" \/>\n<meta property=\"article:publisher\" content=\"https:\/\/www.facebook.com\/groups\/267322667278742\/\" \/>\n<meta property=\"article:modified_time\" content=\"2024-05-30T14:54:22+00:00\" \/>\n<meta property=\"og:image\" content=\"https:\/\/jewsofostrowiec.com\/wp-content\/uploads\/2017\/12\/Brazil-150x150.png\" \/>\n<meta name=\"twitter:card\" content=\"summary_large_image\" \/>\n<meta name=\"twitter:label1\" content=\"Est. tempo de leitura\" \/>\n\t<meta name=\"twitter:data1\" content=\"3 minutos\" \/>\n<script type=\"application\/ld+json\" class=\"yoast-schema-graph\">{\"@context\":\"https:\\\/\\\/schema.org\",\"@graph\":[{\"@type\":\"WebPage\",\"@id\":\"https:\\\/\\\/jewsofostrowiec.com\\\/pt-br\\\/os-notaveis-descendentes-brasileiros-de-ostrowiec\\\/\",\"url\":\"https:\\\/\\\/jewsofostrowiec.com\\\/pt-br\\\/os-notaveis-descendentes-brasileiros-de-ostrowiec\\\/\",\"name\":\"OS NOT\u00c1VEIS DESCENDENTES BRASILEIROS DE OSTROWIEC - Jews of Ostrowiec \u05d0\u05ea\u05e8 \u05d4\u05e0\u05e6\u05d7\u05ea \u05d9\u05d4\u05d5\u05d3\u05d9 \u05d0\u05d5\u05e1\u05d8\u05e8\u05d5\u05d1\u05d9\u05d9\u05e5 (\u05d0\u05d5\u05e1\u05d8\u05e8\u05d5\u05d1\u05e6\u05d4)\",\"isPartOf\":{\"@id\":\"https:\\\/\\\/jewsofostrowiec.com\\\/#website\"},\"primaryImageOfPage\":{\"@id\":\"https:\\\/\\\/jewsofostrowiec.com\\\/pt-br\\\/os-notaveis-descendentes-brasileiros-de-ostrowiec\\\/#primaryimage\"},\"image\":{\"@id\":\"https:\\\/\\\/jewsofostrowiec.com\\\/pt-br\\\/os-notaveis-descendentes-brasileiros-de-ostrowiec\\\/#primaryimage\"},\"thumbnailUrl\":\"https:\\\/\\\/jewsofostrowiec.com\\\/wp-content\\\/uploads\\\/2017\\\/12\\\/Brazil-150x150.png\",\"datePublished\":\"2019-09-18T12:02:36+00:00\",\"dateModified\":\"2024-05-30T14:54:22+00:00\",\"breadcrumb\":{\"@id\":\"https:\\\/\\\/jewsofostrowiec.com\\\/pt-br\\\/os-notaveis-descendentes-brasileiros-de-ostrowiec\\\/#breadcrumb\"},\"inLanguage\":\"pt-BR\",\"potentialAction\":[{\"@type\":\"ReadAction\",\"target\":[\"https:\\\/\\\/jewsofostrowiec.com\\\/pt-br\\\/os-notaveis-descendentes-brasileiros-de-ostrowiec\\\/\"]}]},{\"@type\":\"ImageObject\",\"inLanguage\":\"pt-BR\",\"@id\":\"https:\\\/\\\/jewsofostrowiec.com\\\/pt-br\\\/os-notaveis-descendentes-brasileiros-de-ostrowiec\\\/#primaryimage\",\"url\":\"https:\\\/\\\/jewsofostrowiec.com\\\/wp-content\\\/uploads\\\/2017\\\/12\\\/Brazil-150x150.png\",\"contentUrl\":\"https:\\\/\\\/jewsofostrowiec.com\\\/wp-content\\\/uploads\\\/2017\\\/12\\\/Brazil-150x150.png\"},{\"@type\":\"BreadcrumbList\",\"@id\":\"https:\\\/\\\/jewsofostrowiec.com\\\/pt-br\\\/os-notaveis-descendentes-brasileiros-de-ostrowiec\\\/#breadcrumb\",\"itemListElement\":[{\"@type\":\"ListItem\",\"position\":1,\"name\":\"Home\",\"item\":\"https:\\\/\\\/jewsofostrowiec.com\\\/\"},{\"@type\":\"ListItem\",\"position\":2,\"name\":\"OS NOT\u00c1VEIS DESCENDENTES BRASILEIROS DE OSTROWIEC\"}]},{\"@type\":\"WebSite\",\"@id\":\"https:\\\/\\\/jewsofostrowiec.com\\\/#website\",\"url\":\"https:\\\/\\\/jewsofostrowiec.com\\\/\",\"name\":\"Jews of Ostrowiec \u05d0\u05ea\u05e8 \u05d4\u05e0\u05e6\u05d7\u05ea \u05d9\u05d4\u05d5\u05d3\u05d9 \u05d0\u05d5\u05e1\u05d8\u05e8\u05d5\u05d1\u05d9\u05d9\u05e5 (\u05d0\u05d5\u05e1\u05d8\u05e8\u05d5\u05d1\u05e6\u05d4)\",\"description\":\"Memorial of the Jewish Community of Ostrowiec \u015awi\u0119tokrzyski, Poland\",\"publisher\":{\"@id\":\"https:\\\/\\\/jewsofostrowiec.com\\\/#organization\"},\"potentialAction\":[{\"@type\":\"SearchAction\",\"target\":{\"@type\":\"EntryPoint\",\"urlTemplate\":\"https:\\\/\\\/jewsofostrowiec.com\\\/?s={search_term_string}\"},\"query-input\":{\"@type\":\"PropertyValueSpecification\",\"valueRequired\":true,\"valueName\":\"search_term_string\"}}],\"inLanguage\":\"pt-BR\"},{\"@type\":\"Organization\",\"@id\":\"https:\\\/\\\/jewsofostrowiec.com\\\/#organization\",\"name\":\"Jews of Ostrowiec \u05d0\u05ea\u05e8 \u05d4\u05e0\u05e6\u05d7\u05ea \u05d9\u05d4\u05d5\u05d3\u05d9 \u05d0\u05d5\u05e1\u05d8\u05e8\u05d5\u05d1\u05d9\u05d9\u05e5 (\u05d0\u05d5\u05e1\u05d8\u05e8\u05d5\u05d1\u05e6\u05d4)\",\"url\":\"https:\\\/\\\/jewsofostrowiec.com\\\/\",\"logo\":{\"@type\":\"ImageObject\",\"inLanguage\":\"pt-BR\",\"@id\":\"https:\\\/\\\/jewsofostrowiec.com\\\/#\\\/schema\\\/logo\\\/image\\\/\",\"url\":\"https:\\\/\\\/jewsofostrowiec.com\\\/wp-content\\\/uploads\\\/2022\\\/10\\\/JEWS-OF-OSTROWIEC-logo.png\",\"contentUrl\":\"https:\\\/\\\/jewsofostrowiec.com\\\/wp-content\\\/uploads\\\/2022\\\/10\\\/JEWS-OF-OSTROWIEC-logo.png\",\"width\":200,\"height\":200,\"caption\":\"Jews of Ostrowiec \u05d0\u05ea\u05e8 \u05d4\u05e0\u05e6\u05d7\u05ea \u05d9\u05d4\u05d5\u05d3\u05d9 \u05d0\u05d5\u05e1\u05d8\u05e8\u05d5\u05d1\u05d9\u05d9\u05e5 (\u05d0\u05d5\u05e1\u05d8\u05e8\u05d5\u05d1\u05e6\u05d4)\"},\"image\":{\"@id\":\"https:\\\/\\\/jewsofostrowiec.com\\\/#\\\/schema\\\/logo\\\/image\\\/\"},\"sameAs\":[\"https:\\\/\\\/www.facebook.com\\\/groups\\\/267322667278742\\\/\"]}]}<\/script>\n<!-- \/ Yoast SEO plugin. -->","yoast_head_json":{"title":"OS NOT\u00c1VEIS DESCENDENTES BRASILEIROS DE OSTROWIEC - Jews of Ostrowiec \u05d0\u05ea\u05e8 \u05d4\u05e0\u05e6\u05d7\u05ea \u05d9\u05d4\u05d5\u05d3\u05d9 \u05d0\u05d5\u05e1\u05d8\u05e8\u05d5\u05d1\u05d9\u05d9\u05e5 (\u05d0\u05d5\u05e1\u05d8\u05e8\u05d5\u05d1\u05e6\u05d4)","robots":{"index":"index","follow":"follow","max-snippet":"max-snippet:-1","max-image-preview":"max-image-preview:large","max-video-preview":"max-video-preview:-1"},"canonical":"https:\/\/jewsofostrowiec.com\/pt-br\/os-notaveis-descendentes-brasileiros-de-ostrowiec\/","og_locale":"pt_BR","og_type":"article","og_title":"OS NOT\u00c1VEIS DESCENDENTES BRASILEIROS DE OSTROWIEC - Jews of Ostrowiec \u05d0\u05ea\u05e8 \u05d4\u05e0\u05e6\u05d7\u05ea \u05d9\u05d4\u05d5\u05d3\u05d9 \u05d0\u05d5\u05e1\u05d8\u05e8\u05d5\u05d1\u05d9\u05d9\u05e5 (\u05d0\u05d5\u05e1\u05d8\u05e8\u05d5\u05d1\u05e6\u05d4)","og_description":"Os not\u00e1veis descendentes brasileiros de Ostrowiec Fonte:\u00a0De Shtetl aos Tr\u00f3picos: A Contribui\u00e7\u00e3o Relevante da Imigra\u00e7\u00e3o Judaica Polonesa para o Brasil\u00a0por\u00a0Israel Blajberg N\u00e3o h\u00e1 dados completos para definir com precis\u00e3o o n\u00famero de judeus que emigraram da Pol\u00f4nia para o Brasil. As estimativas s\u00e3o de que em 1938 havia quase 20.000 judeus poloneses, a maioria dos [&hellip;]","og_url":"https:\/\/jewsofostrowiec.com\/pt-br\/os-notaveis-descendentes-brasileiros-de-ostrowiec\/","og_site_name":"Jews of Ostrowiec \u05d0\u05ea\u05e8 \u05d4\u05e0\u05e6\u05d7\u05ea \u05d9\u05d4\u05d5\u05d3\u05d9 \u05d0\u05d5\u05e1\u05d8\u05e8\u05d5\u05d1\u05d9\u05d9\u05e5 (\u05d0\u05d5\u05e1\u05d8\u05e8\u05d5\u05d1\u05e6\u05d4)","article_publisher":"https:\/\/www.facebook.com\/groups\/267322667278742\/","article_modified_time":"2024-05-30T14:54:22+00:00","og_image":[{"url":"https:\/\/jewsofostrowiec.com\/wp-content\/uploads\/2017\/12\/Brazil-150x150.png","type":"","width":"","height":""}],"twitter_card":"summary_large_image","twitter_misc":{"Est. tempo de leitura":"3 minutos"},"schema":{"@context":"https:\/\/schema.org","@graph":[{"@type":"WebPage","@id":"https:\/\/jewsofostrowiec.com\/pt-br\/os-notaveis-descendentes-brasileiros-de-ostrowiec\/","url":"https:\/\/jewsofostrowiec.com\/pt-br\/os-notaveis-descendentes-brasileiros-de-ostrowiec\/","name":"OS NOT\u00c1VEIS DESCENDENTES BRASILEIROS DE OSTROWIEC - Jews of Ostrowiec \u05d0\u05ea\u05e8 \u05d4\u05e0\u05e6\u05d7\u05ea \u05d9\u05d4\u05d5\u05d3\u05d9 \u05d0\u05d5\u05e1\u05d8\u05e8\u05d5\u05d1\u05d9\u05d9\u05e5 (\u05d0\u05d5\u05e1\u05d8\u05e8\u05d5\u05d1\u05e6\u05d4)","isPartOf":{"@id":"https:\/\/jewsofostrowiec.com\/#website"},"primaryImageOfPage":{"@id":"https:\/\/jewsofostrowiec.com\/pt-br\/os-notaveis-descendentes-brasileiros-de-ostrowiec\/#primaryimage"},"image":{"@id":"https:\/\/jewsofostrowiec.com\/pt-br\/os-notaveis-descendentes-brasileiros-de-ostrowiec\/#primaryimage"},"thumbnailUrl":"https:\/\/jewsofostrowiec.com\/wp-content\/uploads\/2017\/12\/Brazil-150x150.png","datePublished":"2019-09-18T12:02:36+00:00","dateModified":"2024-05-30T14:54:22+00:00","breadcrumb":{"@id":"https:\/\/jewsofostrowiec.com\/pt-br\/os-notaveis-descendentes-brasileiros-de-ostrowiec\/#breadcrumb"},"inLanguage":"pt-BR","potentialAction":[{"@type":"ReadAction","target":["https:\/\/jewsofostrowiec.com\/pt-br\/os-notaveis-descendentes-brasileiros-de-ostrowiec\/"]}]},{"@type":"ImageObject","inLanguage":"pt-BR","@id":"https:\/\/jewsofostrowiec.com\/pt-br\/os-notaveis-descendentes-brasileiros-de-ostrowiec\/#primaryimage","url":"https:\/\/jewsofostrowiec.com\/wp-content\/uploads\/2017\/12\/Brazil-150x150.png","contentUrl":"https:\/\/jewsofostrowiec.com\/wp-content\/uploads\/2017\/12\/Brazil-150x150.png"},{"@type":"BreadcrumbList","@id":"https:\/\/jewsofostrowiec.com\/pt-br\/os-notaveis-descendentes-brasileiros-de-ostrowiec\/#breadcrumb","itemListElement":[{"@type":"ListItem","position":1,"name":"Home","item":"https:\/\/jewsofostrowiec.com\/"},{"@type":"ListItem","position":2,"name":"OS NOT\u00c1VEIS DESCENDENTES BRASILEIROS DE OSTROWIEC"}]},{"@type":"WebSite","@id":"https:\/\/jewsofostrowiec.com\/#website","url":"https:\/\/jewsofostrowiec.com\/","name":"Jews of Ostrowiec \u05d0\u05ea\u05e8 \u05d4\u05e0\u05e6\u05d7\u05ea \u05d9\u05d4\u05d5\u05d3\u05d9 \u05d0\u05d5\u05e1\u05d8\u05e8\u05d5\u05d1\u05d9\u05d9\u05e5 (\u05d0\u05d5\u05e1\u05d8\u05e8\u05d5\u05d1\u05e6\u05d4)","description":"Memorial of the Jewish Community of Ostrowiec \u015awi\u0119tokrzyski, Poland","publisher":{"@id":"https:\/\/jewsofostrowiec.com\/#organization"},"potentialAction":[{"@type":"SearchAction","target":{"@type":"EntryPoint","urlTemplate":"https:\/\/jewsofostrowiec.com\/?s={search_term_string}"},"query-input":{"@type":"PropertyValueSpecification","valueRequired":true,"valueName":"search_term_string"}}],"inLanguage":"pt-BR"},{"@type":"Organization","@id":"https:\/\/jewsofostrowiec.com\/#organization","name":"Jews of Ostrowiec \u05d0\u05ea\u05e8 \u05d4\u05e0\u05e6\u05d7\u05ea \u05d9\u05d4\u05d5\u05d3\u05d9 \u05d0\u05d5\u05e1\u05d8\u05e8\u05d5\u05d1\u05d9\u05d9\u05e5 (\u05d0\u05d5\u05e1\u05d8\u05e8\u05d5\u05d1\u05e6\u05d4)","url":"https:\/\/jewsofostrowiec.com\/","logo":{"@type":"ImageObject","inLanguage":"pt-BR","@id":"https:\/\/jewsofostrowiec.com\/#\/schema\/logo\/image\/","url":"https:\/\/jewsofostrowiec.com\/wp-content\/uploads\/2022\/10\/JEWS-OF-OSTROWIEC-logo.png","contentUrl":"https:\/\/jewsofostrowiec.com\/wp-content\/uploads\/2022\/10\/JEWS-OF-OSTROWIEC-logo.png","width":200,"height":200,"caption":"Jews of Ostrowiec \u05d0\u05ea\u05e8 \u05d4\u05e0\u05e6\u05d7\u05ea \u05d9\u05d4\u05d5\u05d3\u05d9 \u05d0\u05d5\u05e1\u05d8\u05e8\u05d5\u05d1\u05d9\u05d9\u05e5 (\u05d0\u05d5\u05e1\u05d8\u05e8\u05d5\u05d1\u05e6\u05d4)"},"image":{"@id":"https:\/\/jewsofostrowiec.com\/#\/schema\/logo\/image\/"},"sameAs":["https:\/\/www.facebook.com\/groups\/267322667278742\/"]}]}},"_links":{"self":[{"href":"https:\/\/jewsofostrowiec.com\/pt-br\/wp-json\/wp\/v2\/pages\/7185","targetHints":{"allow":["GET"]}}],"collection":[{"href":"https:\/\/jewsofostrowiec.com\/pt-br\/wp-json\/wp\/v2\/pages"}],"about":[{"href":"https:\/\/jewsofostrowiec.com\/pt-br\/wp-json\/wp\/v2\/types\/page"}],"author":[{"embeddable":true,"href":"https:\/\/jewsofostrowiec.com\/pt-br\/wp-json\/wp\/v2\/users\/7"}],"replies":[{"embeddable":true,"href":"https:\/\/jewsofostrowiec.com\/pt-br\/wp-json\/wp\/v2\/comments?post=7185"}],"version-history":[{"count":6,"href":"https:\/\/jewsofostrowiec.com\/pt-br\/wp-json\/wp\/v2\/pages\/7185\/revisions"}],"predecessor-version":[{"id":10919,"href":"https:\/\/jewsofostrowiec.com\/pt-br\/wp-json\/wp\/v2\/pages\/7185\/revisions\/10919"}],"wp:attachment":[{"href":"https:\/\/jewsofostrowiec.com\/pt-br\/wp-json\/wp\/v2\/media?parent=7185"}],"curies":[{"name":"wp","href":"https:\/\/api.w.org\/{rel}","templated":true}]}}